{"id":409,"date":"2020-12-17T10:32:37","date_gmt":"2020-12-17T09:32:37","guid":{"rendered":"https:\/\/www.gas-speleo.fr\/?page_id=409"},"modified":"2021-02-19T21:41:55","modified_gmt":"2021-02-19T20:41:55","slug":"accueil","status":"publish","type":"page","link":"https:\/\/www.gas-speleo.fr\/","title":{"rendered":"Accueil"},"content":{"rendered":"<div id='av_section_1'  class='avia-section main_color avia-section-no-padding avia-no-border-styling  avia-bg-style-scroll  avia-builder-el-0  avia-builder-el-no-sibling   container_wrap sidebar_right' style='background-color: #d1d700;  '  ><div class='container' ><main  role=\"main\" itemprop=\"mainContentOfPage\"  class='template-page content  av-content-small alpha units'><div class='post-entry post-entry-type-page post-entry-409'><div class='entry-content-wrapper clearfix'>\n<div   class='hr hr-default   avia-builder-el-1  el_before_av_heading  avia-builder-el-first '><span class='hr-inner ' ><span class='hr-inner-style'><\/span><\/span><\/div>\n<div  style='padding-bottom:10px; color:#ffffff;' class='av-special-heading av-special-heading-h3 custom-color-heading blockquote elegant-quote elegant-centered  avia-builder-el-2  el_after_av_hr  el_before_av_postslider  '><h3 class='av-special-heading-tag '  itemprop=\"headline\"  ><span class='heading-char avia-font-entypo-fontello ' style='padding-bottom:10px; ' aria-hidden='true' data-av_icon='\ue80b' data-av_iconfont='entypo-fontello'><\/span><span class=\"heading-wrap\">Nos derni\u00e8res actualit\u00e9s<\/span><\/h3><div class='special-heading-border'><div class='special-heading-inner-border' style='border-color:#ffffff'><\/div><\/div><\/div>\n<div   data-autoplay='1'  data-interval='5'  data-animation='fade'  data-show_slide_delay='90'  class='avia-content-slider avia-content-slider-active avia-content-slider1 avia-content-slider-odd  avia-builder-el-3  el_after_av_heading  el_before_av_button  '  itemscope=\"itemscope\" itemtype=\"https:\/\/schema.org\/Blog\" ><div class='avia-content-slider-inner'><div class='slide-entry-wrap'><article class='slide-entry flex_column  post-entry post-entry-1554 slide-entry-overview slide-loop-1 slide-parity-odd  av_one_third first real-thumbnail post-format-standard'  itemscope=\"itemscope\" itemtype=\"https:\/\/schema.org\/CreativeWork\" ><a href='https:\/\/www.gas-speleo.fr\/index.php\/2026\/03\/08\/stage-photo-speleo-dans-le-lot\/' data-rel='slide-1' class='slide-image' title='Stage photo sp\u00e9l\u00e9o dans le Lot'><img decoding=\"async\" width=\"495\" height=\"400\" src=\"https:\/\/www.gas-speleo.fr\/wp-content\/uploads\/2026\/03\/Cuzoul_IMGP9623-495x400.jpg\" class=\"wp-image-1556 avia-img-lazy-loading-not-1556 attachment-portfolio size-portfolio wp-post-image\" alt=\"\" srcset=\"https:\/\/www.gas-speleo.fr\/wp-content\/uploads\/2026\/03\/Cuzoul_IMGP9623-495x400.jpg 495w, https:\/\/www.gas-speleo.fr\/wp-content\/uploads\/2026\/03\/Cuzoul_IMGP9623-845x684.jpg 845w\" sizes=\"(max-width: 495px) 100vw, 495px\" \/><\/a><div class='slide-content'><header class=\"entry-content-header\"><span class=\"blog-categories minor-meta\"><a href=\"https:\/\/www.gas-speleo.fr\/index.php\/category\/speleo\/\" rel=\"tag\">Sp\u00e9l\u00e9o<\/a> <\/span><h3 class='slide-entry-title entry-title '  itemprop=\"headline\" ><a href='https:\/\/www.gas-speleo.fr\/index.php\/2026\/03\/08\/stage-photo-speleo-dans-le-lot\/' title='Stage photo sp\u00e9l\u00e9o dans le Lot'>Stage photo sp\u00e9l\u00e9o dans le Lot<\/a><\/h3><span class=\"av-vertical-delimiter\"><\/span><\/header><div class='slide-entry-excerpt entry-content'  itemprop=\"text\" >Compte rendu du camp photo sp\u00e9l\u00e9o dans le Lot<\/div><\/div><footer class=\"entry-footer\"><div class='slide-meta'><time class='slide-meta-time updated'  itemprop=\"datePublished\" datetime=\"2026-03-08T01:27:07+01:00\" >8 mars 2026<\/time><\/div><\/footer><span class='hidden'>\n\t\t\t\t<span class='av-structured-data'  itemprop=\"image\" itemscope=\"itemscope\" itemtype=\"https:\/\/schema.org\/ImageObject\" >\n\t\t\t\t\t\t<span itemprop='url'>https:\/\/www.gas-speleo.fr\/wp-content\/uploads\/2026\/03\/Cuzoul_IMGP9623.jpg<\/span>\n\t\t\t\t\t\t<span itemprop='height'>1362<\/span>\n\t\t\t\t\t\t<span itemprop='width'>2048<\/span>\n\t\t\t\t<\/span>\n\t\t\t\t<span class='av-structured-data'  itemprop=\"publisher\" itemtype=\"https:\/\/schema.org\/Organization\" itemscope=\"itemscope\" >\n\t\t\t\t\t\t<span itemprop='name'>Max<\/span>\n\t\t\t\t\t\t<span itemprop='logo' itemscope itemtype='https:\/\/schema.org\/ImageObject'>\n\t\t\t\t\t\t\t<span itemprop='url'>http:\/\/www.gas-speleo.fr\/wp-content\/uploads\/2020\/12\/logo-gas-ffs.jpg<\/span>\n\t\t\t\t\t\t <\/span>\n\t\t\t\t<\/span><span class='av-structured-data'  itemprop=\"author\" itemscope=\"itemscope\" itemtype=\"https:\/\/schema.org\/Person\" ><span itemprop='name'>Max<\/span><\/span><span class='av-structured-data'  itemprop=\"datePublished\" datetime=\"2020-12-17T10:32:37+01:00\" >2026-03-08 01:27:07<\/span><span class='av-structured-data'  itemprop=\"dateModified\" itemtype=\"https:\/\/schema.org\/dateModified\" >2026-03-08 18:07:47<\/span><span class='av-structured-data'  itemprop=\"mainEntityOfPage\" itemtype=\"https:\/\/schema.org\/mainEntityOfPage\" ><span itemprop='name'>Stage photo sp\u00e9l\u00e9o dans le Lot<\/span><\/span><\/span><\/article><article class='slide-entry flex_column  post-entry post-entry-1543 slide-entry-overview slide-loop-2 slide-parity-even  av_one_third  real-thumbnail post-format-standard'  itemscope=\"itemscope\" itemtype=\"https:\/\/schema.org\/CreativeWork\" ><a href='https:\/\/www.gas-speleo.fr\/index.php\/2024\/01\/18\/sortie-initiation-et-equipement-artigalere\/' data-rel='slide-1' class='slide-image' title='Sortie initiation et \u00e9quipement &#8211; Artigal\u00e8re'><img decoding=\"async\" width=\"495\" height=\"400\" src=\"https:\/\/www.gas-speleo.fr\/wp-content\/uploads\/2024\/01\/20240113_120433-scaled-e1705615358905-495x400.jpg\" class=\"wp-image-1546 avia-img-lazy-loading-not-1546 attachment-portfolio size-portfolio wp-post-image\" alt=\"passage d&#039;une \u00e9troiture\" srcset=\"https:\/\/www.gas-speleo.fr\/wp-content\/uploads\/2024\/01\/20240113_120433-scaled-e1705615358905-495x400.jpg 495w, https:\/\/www.gas-speleo.fr\/wp-content\/uploads\/2024\/01\/20240113_120433-scaled-e1705615358905-845x684.jpg 845w\" sizes=\"(max-width: 495px) 100vw, 495px\" \/><\/a><div class='slide-content'><header class=\"entry-content-header\"><span class=\"blog-categories minor-meta\"><a href=\"https:\/\/www.gas-speleo.fr\/index.php\/category\/initiation\/\" rel=\"tag\">Initiation<\/a>, <a href=\"https:\/\/www.gas-speleo.fr\/index.php\/category\/speleo\/\" rel=\"tag\">Sp\u00e9l\u00e9o<\/a> <\/span><h3 class='slide-entry-title entry-title '  itemprop=\"headline\" ><a href='https:\/\/www.gas-speleo.fr\/index.php\/2024\/01\/18\/sortie-initiation-et-equipement-artigalere\/' title='Sortie initiation et \u00e9quipement &#8211; Artigal\u00e8re'>Sortie initiation et \u00e9quipement &#8211; Artigal\u00e8re<\/a><\/h3><span class=\"av-vertical-delimiter\"><\/span><\/header><div class='slide-entry-excerpt entry-content'  itemprop=\"text\" >Sortie sp\u00e9l\u00e9o \u00e0 Artigal\u00e8re pour commencer l'ann\u00e9e en amenant les copains \u00e0 la d\u00e9couverte de la sp\u00e9l\u00e9o!<\/div><\/div><footer class=\"entry-footer\"><div class='slide-meta'><time class='slide-meta-time updated'  itemprop=\"datePublished\" datetime=\"2024-01-18T23:01:40+01:00\" >18 janvier 2024<\/time><\/div><\/footer><span class='hidden'>\n\t\t\t\t<span class='av-structured-data'  itemprop=\"image\" itemscope=\"itemscope\" itemtype=\"https:\/\/schema.org\/ImageObject\" >\n\t\t\t\t\t\t<span itemprop='url'>https:\/\/www.gas-speleo.fr\/wp-content\/uploads\/2024\/01\/20240113_120433-scaled-e1705615358905.jpg<\/span>\n\t\t\t\t\t\t<span itemprop='height'>1126<\/span>\n\t\t\t\t\t\t<span itemprop='width'>1442<\/span>\n\t\t\t\t<\/span>\n\t\t\t\t<span class='av-structured-data'  itemprop=\"publisher\" itemtype=\"https:\/\/schema.org\/Organization\" itemscope=\"itemscope\" >\n\t\t\t\t\t\t<span itemprop='name'>Max<\/span>\n\t\t\t\t\t\t<span itemprop='logo' itemscope itemtype='https:\/\/schema.org\/ImageObject'>\n\t\t\t\t\t\t\t<span itemprop='url'>http:\/\/www.gas-speleo.fr\/wp-content\/uploads\/2020\/12\/logo-gas-ffs.jpg<\/span>\n\t\t\t\t\t\t <\/span>\n\t\t\t\t<\/span><span class='av-structured-data'  itemprop=\"author\" itemscope=\"itemscope\" itemtype=\"https:\/\/schema.org\/Person\" ><span itemprop='name'>Max<\/span><\/span><span class='av-structured-data'  itemprop=\"datePublished\" datetime=\"2020-12-17T10:32:37+01:00\" >2024-01-18 23:01:40<\/span><span class='av-structured-data'  itemprop=\"dateModified\" itemtype=\"https:\/\/schema.org\/dateModified\" >2024-01-18 23:06:12<\/span><span class='av-structured-data'  itemprop=\"mainEntityOfPage\" itemtype=\"https:\/\/schema.org\/mainEntityOfPage\" ><span itemprop='name'>Sortie initiation et \u00e9quipement &#8211; Artigal\u00e8re<\/span><\/span><\/span><\/article><article class='slide-entry flex_column  post-entry post-entry-1529 slide-entry-overview slide-loop-3 slide-parity-odd  av_one_third  real-thumbnail post-format-standard'  itemscope=\"itemscope\" itemtype=\"https:\/\/schema.org\/CreativeWork\" ><a href='https:\/\/www.gas-speleo.fr\/index.php\/2023\/12\/20\/sortie-preparation-initiateur-17-12-23\/' data-rel='slide-1' class='slide-image' title='Sortie Pr\u00e9paration initiateur 17\/12\/23'><img decoding=\"async\" width=\"495\" height=\"400\" src=\"https:\/\/www.gas-speleo.fr\/wp-content\/uploads\/2023\/12\/IMG-20231218-WA0007-e1703110064136-495x400.jpg\" class=\"wp-image-1531 avia-img-lazy-loading-not-1531 attachment-portfolio size-portfolio wp-post-image\" alt=\"sp\u00e9l\u00e9o en action\" srcset=\"https:\/\/www.gas-speleo.fr\/wp-content\/uploads\/2023\/12\/IMG-20231218-WA0007-e1703110064136-495x400.jpg 495w, https:\/\/www.gas-speleo.fr\/wp-content\/uploads\/2023\/12\/IMG-20231218-WA0007-e1703110064136-845x684.jpg 845w\" sizes=\"(max-width: 495px) 100vw, 495px\" \/><\/a><div class='slide-content'><header class=\"entry-content-header\"><span class=\"blog-categories minor-meta\"><a href=\"https:\/\/www.gas-speleo.fr\/index.php\/category\/speleo\/\" rel=\"tag\">Sp\u00e9l\u00e9o<\/a> <\/span><h3 class='slide-entry-title entry-title '  itemprop=\"headline\" ><a href='https:\/\/www.gas-speleo.fr\/index.php\/2023\/12\/20\/sortie-preparation-initiateur-17-12-23\/' title='Sortie Pr\u00e9paration initiateur 17\/12\/23'>Sortie Pr\u00e9paration initiateur 17\/12\/23<\/a><\/h3><span class=\"av-vertical-delimiter\"><\/span><\/header><div class='slide-entry-excerpt entry-content'  itemprop=\"text\" >Compte rendu de la sortie pr\u00e9paration initiateur pour les jeunes Gasier du pr\u00e8s de Sarrancolin.<\/div><\/div><footer class=\"entry-footer\"><div class='slide-meta'><time class='slide-meta-time updated'  itemprop=\"datePublished\" datetime=\"2023-12-20T23:16:38+01:00\" >20 d\u00e9cembre 2023<\/time><\/div><\/footer><span class='hidden'>\n\t\t\t\t<span class='av-structured-data'  itemprop=\"image\" itemscope=\"itemscope\" itemtype=\"https:\/\/schema.org\/ImageObject\" >\n\t\t\t\t\t\t<span itemprop='url'>https:\/\/www.gas-speleo.fr\/wp-content\/uploads\/2023\/12\/IMG-20231218-WA0007-e1703110064136.jpg<\/span>\n\t\t\t\t\t\t<span itemprop='height'>952<\/span>\n\t\t\t\t\t\t<span itemprop='width'>1200<\/span>\n\t\t\t\t<\/span>\n\t\t\t\t<span class='av-structured-data'  itemprop=\"publisher\" itemtype=\"https:\/\/schema.org\/Organization\" itemscope=\"itemscope\" >\n\t\t\t\t\t\t<span itemprop='name'>Max<\/span>\n\t\t\t\t\t\t<span itemprop='logo' itemscope itemtype='https:\/\/schema.org\/ImageObject'>\n\t\t\t\t\t\t\t<span itemprop='url'>http:\/\/www.gas-speleo.fr\/wp-content\/uploads\/2020\/12\/logo-gas-ffs.jpg<\/span>\n\t\t\t\t\t\t <\/span>\n\t\t\t\t<\/span><span class='av-structured-data'  itemprop=\"author\" itemscope=\"itemscope\" itemtype=\"https:\/\/schema.org\/Person\" ><span itemprop='name'>Max<\/span><\/span><span class='av-structured-data'  itemprop=\"datePublished\" datetime=\"2020-12-17T10:32:37+01:00\" >2023-12-20 23:16:38<\/span><span class='av-structured-data'  itemprop=\"dateModified\" itemtype=\"https:\/\/schema.org\/dateModified\" >2023-12-20 23:16:39<\/span><span class='av-structured-data'  itemprop=\"mainEntityOfPage\" itemtype=\"https:\/\/schema.org\/mainEntityOfPage\" ><span itemprop='name'>Sortie Pr\u00e9paration initiateur 17\/12\/23<\/span><\/span><\/span><\/article><\/div><div class='slide-entry-wrap'><article class='slide-entry flex_column  post-entry post-entry-1522 slide-entry-overview slide-loop-4 slide-parity-odd  av_one_third first real-thumbnail post-format-standard'  itemscope=\"itemscope\" itemtype=\"https:\/\/schema.org\/CreativeWork\" ><a href='https:\/\/www.gas-speleo.fr\/index.php\/2023\/12\/10\/sortie-initiation-artigalere\/' data-rel='slide-1' class='slide-image' title='Sortie Initiation Artigal\u00e8re'><img decoding=\"async\" width=\"495\" height=\"400\" src=\"https:\/\/www.gas-speleo.fr\/wp-content\/uploads\/2023\/12\/Artigalere-1646160557-495x400.jpg\" class=\"wp-image-1518 avia-img-lazy-loading-not-1518 attachment-portfolio size-portfolio wp-post-image\" alt=\"sp\u00e9l\u00e9o dans une \u00e9troiture\" srcset=\"https:\/\/www.gas-speleo.fr\/wp-content\/uploads\/2023\/12\/Artigalere-1646160557-495x400.jpg 495w, https:\/\/www.gas-speleo.fr\/wp-content\/uploads\/2023\/12\/Artigalere-1646160557-845x684.jpg 845w\" sizes=\"(max-width: 495px) 100vw, 495px\" \/><\/a><div class='slide-content'><header class=\"entry-content-header\"><span class=\"blog-categories minor-meta\"><a href=\"https:\/\/www.gas-speleo.fr\/index.php\/category\/initiation\/\" rel=\"tag\">Initiation<\/a>, <a href=\"https:\/\/www.gas-speleo.fr\/index.php\/category\/speleo\/\" rel=\"tag\">Sp\u00e9l\u00e9o<\/a> <\/span><h3 class='slide-entry-title entry-title '  itemprop=\"headline\" ><a href='https:\/\/www.gas-speleo.fr\/index.php\/2023\/12\/10\/sortie-initiation-artigalere\/' title='Sortie Initiation Artigal\u00e8re'>Sortie Initiation Artigal\u00e8re<\/a><\/h3><span class=\"av-vertical-delimiter\"><\/span><\/header><div class='slide-entry-excerpt entry-content'  itemprop=\"text\" >\nCe samedi 9 d\u00e9cembre 2023, le GAS s\u2019est rendu \u00e0 la grotte d\u2019Artigal\u00e8re, sur la commune d\u2019Ilhet, \u00e0 proximit\u00e9 de Sarrancolin dans le 65. Cette sortie avait pour but de faire d\u00e9couvrir (ou red\u00e9couvrir pour certains) la sp\u00e9l\u00e9ologie\u2026<\/div><\/div><footer class=\"entry-footer\"><div class='slide-meta'><time class='slide-meta-time updated'  itemprop=\"datePublished\" datetime=\"2023-12-10T23:21:20+01:00\" >10 d\u00e9cembre 2023<\/time><\/div><\/footer><span class='hidden'>\n\t\t\t\t<span class='av-structured-data'  itemprop=\"image\" itemscope=\"itemscope\" itemtype=\"https:\/\/schema.org\/ImageObject\" >\n\t\t\t\t\t\t<span itemprop='url'>https:\/\/www.gas-speleo.fr\/wp-content\/uploads\/2023\/12\/Artigalere-1646160557.jpg<\/span>\n\t\t\t\t\t\t<span itemprop='height'>2208<\/span>\n\t\t\t\t\t\t<span itemprop='width'>1656<\/span>\n\t\t\t\t<\/span>\n\t\t\t\t<span class='av-structured-data'  itemprop=\"publisher\" itemtype=\"https:\/\/schema.org\/Organization\" itemscope=\"itemscope\" >\n\t\t\t\t\t\t<span itemprop='name'>Max<\/span>\n\t\t\t\t\t\t<span itemprop='logo' itemscope itemtype='https:\/\/schema.org\/ImageObject'>\n\t\t\t\t\t\t\t<span itemprop='url'>http:\/\/www.gas-speleo.fr\/wp-content\/uploads\/2020\/12\/logo-gas-ffs.jpg<\/span>\n\t\t\t\t\t\t <\/span>\n\t\t\t\t<\/span><span class='av-structured-data'  itemprop=\"author\" itemscope=\"itemscope\" itemtype=\"https:\/\/schema.org\/Person\" ><span itemprop='name'>Max<\/span><\/span><span class='av-structured-data'  itemprop=\"datePublished\" datetime=\"2020-12-17T10:32:37+01:00\" >2023-12-10 23:21:20<\/span><span class='av-structured-data'  itemprop=\"dateModified\" itemtype=\"https:\/\/schema.org\/dateModified\" >2023-12-10 23:22:29<\/span><span class='av-structured-data'  itemprop=\"mainEntityOfPage\" itemtype=\"https:\/\/schema.org\/mainEntityOfPage\" ><span itemprop='name'>Sortie Initiation Artigal\u00e8re<\/span><\/span><\/span><\/article><article class='slide-entry flex_column  post-entry post-entry-1493 slide-entry-overview slide-loop-5 slide-parity-even  av_one_third  real-thumbnail post-format-standard'  itemscope=\"itemscope\" itemtype=\"https:\/\/schema.org\/CreativeWork\" ><a href='https:\/\/www.gas-speleo.fr\/index.php\/2023\/04\/22\/sortie-mensuelle-au-pique-nique-des-vieux\/' data-rel='slide-1' class='slide-image' title='Sortie mensuelle au pique nique des vieux'><img decoding=\"async\" width=\"495\" height=\"400\" src=\"https:\/\/www.gas-speleo.fr\/wp-content\/uploads\/2023\/04\/Pique-niques-des-vieux-4220070-495x400.jpg\" class=\"wp-image-1500 avia-img-lazy-loading-not-1500 attachment-portfolio size-portfolio wp-post-image\" alt=\"\" srcset=\"https:\/\/www.gas-speleo.fr\/wp-content\/uploads\/2023\/04\/Pique-niques-des-vieux-4220070-495x400.jpg 495w, https:\/\/www.gas-speleo.fr\/wp-content\/uploads\/2023\/04\/Pique-niques-des-vieux-4220070-845x684.jpg 845w\" sizes=\"(max-width: 495px) 100vw, 495px\" \/><\/a><div class='slide-content'><header class=\"entry-content-header\"><span class=\"blog-categories minor-meta\"><a href=\"https:\/\/www.gas-speleo.fr\/index.php\/category\/speleo\/\" rel=\"tag\">Sp\u00e9l\u00e9o<\/a> <\/span><h3 class='slide-entry-title entry-title '  itemprop=\"headline\" ><a href='https:\/\/www.gas-speleo.fr\/index.php\/2023\/04\/22\/sortie-mensuelle-au-pique-nique-des-vieux\/' title='Sortie mensuelle au pique nique des vieux'>Sortie mensuelle au pique nique des vieux<\/a><\/h3><span class=\"av-vertical-delimiter\"><\/span><\/header><div class='slide-entry-excerpt entry-content'  itemprop=\"text\" >Sortie mensuelle au pique niques de vieux.<\/div><\/div><footer class=\"entry-footer\"><div class='slide-meta'><time class='slide-meta-time updated'  itemprop=\"datePublished\" datetime=\"2023-04-22T13:51:09+02:00\" >22 avril 2023<\/time><\/div><\/footer><span class='hidden'>\n\t\t\t\t<span class='av-structured-data'  itemprop=\"image\" itemscope=\"itemscope\" itemtype=\"https:\/\/schema.org\/ImageObject\" >\n\t\t\t\t\t\t<span itemprop='url'>https:\/\/www.gas-speleo.fr\/wp-content\/uploads\/2023\/04\/Pique-niques-des-vieux-4220070-scaled.jpg<\/span>\n\t\t\t\t\t\t<span itemprop='height'>1920<\/span>\n\t\t\t\t\t\t<span itemprop='width'>2560<\/span>\n\t\t\t\t<\/span>\n\t\t\t\t<span class='av-structured-data'  itemprop=\"publisher\" itemtype=\"https:\/\/schema.org\/Organization\" itemscope=\"itemscope\" >\n\t\t\t\t\t\t<span itemprop='name'>Max<\/span>\n\t\t\t\t\t\t<span itemprop='logo' itemscope itemtype='https:\/\/schema.org\/ImageObject'>\n\t\t\t\t\t\t\t<span itemprop='url'>http:\/\/www.gas-speleo.fr\/wp-content\/uploads\/2020\/12\/logo-gas-ffs.jpg<\/span>\n\t\t\t\t\t\t <\/span>\n\t\t\t\t<\/span><span class='av-structured-data'  itemprop=\"author\" itemscope=\"itemscope\" itemtype=\"https:\/\/schema.org\/Person\" ><span itemprop='name'>Max<\/span><\/span><span class='av-structured-data'  itemprop=\"datePublished\" datetime=\"2020-12-17T10:32:37+01:00\" >2023-04-22 13:51:09<\/span><span class='av-structured-data'  itemprop=\"dateModified\" itemtype=\"https:\/\/schema.org\/dateModified\" >2023-04-25 14:02:10<\/span><span class='av-structured-data'  itemprop=\"mainEntityOfPage\" itemtype=\"https:\/\/schema.org\/mainEntityOfPage\" ><span itemprop='name'>Sortie mensuelle au pique nique des vieux<\/span><\/span><\/span><\/article><article class='slide-entry flex_column  post-entry post-entry-1483 slide-entry-overview slide-loop-6 slide-parity-odd  av_one_third  real-thumbnail post-format-standard'  itemscope=\"itemscope\" itemtype=\"https:\/\/schema.org\/CreativeWork\" ><a href='https:\/\/www.gas-speleo.fr\/index.php\/2023\/04\/09\/sortie-petit-rhinolophe\/' data-rel='slide-1' class='slide-image' title='&lt;strong&gt;Sortie \u00ab\u00a0Petit Rhinolophe\u00a0\u00bb&lt;\/strong&gt;'><img decoding=\"async\" width=\"495\" height=\"400\" src=\"https:\/\/www.gas-speleo.fr\/wp-content\/uploads\/2023\/04\/08-495x400.jpg\" class=\"wp-image-1475 avia-img-lazy-loading-not-1475 attachment-portfolio size-portfolio wp-post-image\" alt=\"\" srcset=\"https:\/\/www.gas-speleo.fr\/wp-content\/uploads\/2023\/04\/08-495x400.jpg 495w, https:\/\/www.gas-speleo.fr\/wp-content\/uploads\/2023\/04\/08-845x684.jpg 845w\" sizes=\"(max-width: 495px) 100vw, 495px\" \/><\/a><div class='slide-content'><header class=\"entry-content-header\"><span class=\"blog-categories minor-meta\"><a href=\"https:\/\/www.gas-speleo.fr\/index.php\/category\/speleo\/\" rel=\"tag\">Sp\u00e9l\u00e9o<\/a> <\/span><h3 class='slide-entry-title entry-title '  itemprop=\"headline\" ><a href='https:\/\/www.gas-speleo.fr\/index.php\/2023\/04\/09\/sortie-petit-rhinolophe\/' title='Sortie \u00ab\u00a0Petit Rhinolophe\u00a0\u00bb'><strong>Sortie \u00ab\u00a0Petit Rhinolophe\u00a0\u00bb<\/strong><\/a><\/h3><span class=\"av-vertical-delimiter\"><\/span><\/header><div class='slide-entry-excerpt entry-content'  itemprop=\"text\" >Une chasse aux oeufs, pas comme les autres. <\/div><\/div><footer class=\"entry-footer\"><div class='slide-meta'><time class='slide-meta-time updated'  itemprop=\"datePublished\" datetime=\"2023-04-09T13:37:44+02:00\" >9 avril 2023<\/time><\/div><\/footer><span class='hidden'>\n\t\t\t\t<span class='av-structured-data'  itemprop=\"image\" itemscope=\"itemscope\" itemtype=\"https:\/\/schema.org\/ImageObject\" >\n\t\t\t\t\t\t<span itemprop='url'>https:\/\/www.gas-speleo.fr\/wp-content\/uploads\/2023\/04\/08-scaled.jpg<\/span>\n\t\t\t\t\t\t<span itemprop='height'>2560<\/span>\n\t\t\t\t\t\t<span itemprop='width'>1920<\/span>\n\t\t\t\t<\/span>\n\t\t\t\t<span class='av-structured-data'  itemprop=\"publisher\" itemtype=\"https:\/\/schema.org\/Organization\" itemscope=\"itemscope\" >\n\t\t\t\t\t\t<span itemprop='name'>Max<\/span>\n\t\t\t\t\t\t<span itemprop='logo' itemscope itemtype='https:\/\/schema.org\/ImageObject'>\n\t\t\t\t\t\t\t<span itemprop='url'>http:\/\/www.gas-speleo.fr\/wp-content\/uploads\/2020\/12\/logo-gas-ffs.jpg<\/span>\n\t\t\t\t\t\t <\/span>\n\t\t\t\t<\/span><span class='av-structured-data'  itemprop=\"author\" itemscope=\"itemscope\" itemtype=\"https:\/\/schema.org\/Person\" ><span itemprop='name'>Max<\/span><\/span><span class='av-structured-data'  itemprop=\"datePublished\" datetime=\"2020-12-17T10:32:37+01:00\" >2023-04-09 13:37:44<\/span><span class='av-structured-data'  itemprop=\"dateModified\" itemtype=\"https:\/\/schema.org\/dateModified\" >2023-04-24 13:43:59<\/span><span class='av-structured-data'  itemprop=\"mainEntityOfPage\" itemtype=\"https:\/\/schema.org\/mainEntityOfPage\" ><span itemprop='name'><strong>Sortie \u00ab\u00a0Petit Rhinolophe\u00a0\u00bb<\/strong><\/span><\/span><\/span><\/article><\/div><div class='slide-entry-wrap'><article class='slide-entry flex_column  post-entry post-entry-1455 slide-entry-overview slide-loop-7 slide-parity-odd  av_one_third first real-thumbnail post-format-standard'  itemscope=\"itemscope\" itemtype=\"https:\/\/schema.org\/CreativeWork\" ><a href='https:\/\/www.gas-speleo.fr\/index.php\/2023\/03\/06\/grotte-de-haiou\/' data-rel='slide-1' class='slide-image' title='Grotte de Ha\u00efou'><img decoding=\"async\" width=\"495\" height=\"400\" src=\"https:\/\/www.gas-speleo.fr\/wp-content\/uploads\/2023\/03\/WhatsApp-Image-2023-03-04-at-21.26.50-495x400.jpeg\" class=\"wp-image-1457 avia-img-lazy-loading-not-1457 attachment-portfolio size-portfolio wp-post-image\" alt=\"\" srcset=\"https:\/\/www.gas-speleo.fr\/wp-content\/uploads\/2023\/03\/WhatsApp-Image-2023-03-04-at-21.26.50-495x400.jpeg 495w, https:\/\/www.gas-speleo.fr\/wp-content\/uploads\/2023\/03\/WhatsApp-Image-2023-03-04-at-21.26.50-845x684.jpeg 845w\" sizes=\"(max-width: 495px) 100vw, 495px\" \/><\/a><div class='slide-content'><header class=\"entry-content-header\"><span class=\"blog-categories minor-meta\"><a href=\"https:\/\/www.gas-speleo.fr\/index.php\/category\/speleo\/\" rel=\"tag\">Sp\u00e9l\u00e9o<\/a> <\/span><h3 class='slide-entry-title entry-title '  itemprop=\"headline\" ><a href='https:\/\/www.gas-speleo.fr\/index.php\/2023\/03\/06\/grotte-de-haiou\/' title='Grotte de Ha\u00efou'>Grotte de Ha\u00efou<\/a><\/h3><span class=\"av-vertical-delimiter\"><\/span><\/header><div class='slide-entry-excerpt entry-content'  itemprop=\"text\" >\nLe samedi 4 mars le club s'est rendu au gouffre de Ha\u00efou, \u00e0 proximit\u00e9 de Cazavet dans le 09. Apr\u00e8s environ 20min de marche d'approche, l'\u00e9quipe arrive \u00e0 l'entr\u00e9e du gouffre. \n\n\n\n\n\n\n\n\n\n\n\n\n\nUn premier groupe commence \u00e0 \u00e9quiper le premier\u2026<\/div><\/div><footer class=\"entry-footer\"><div class='slide-meta'><time class='slide-meta-time updated'  itemprop=\"datePublished\" datetime=\"2023-03-06T13:54:18+01:00\" >6 mars 2023<\/time><\/div><\/footer><span class='hidden'>\n\t\t\t\t<span class='av-structured-data'  itemprop=\"image\" itemscope=\"itemscope\" itemtype=\"https:\/\/schema.org\/ImageObject\" >\n\t\t\t\t\t\t<span itemprop='url'>https:\/\/www.gas-speleo.fr\/wp-content\/uploads\/2023\/03\/WhatsApp-Image-2023-03-04-at-21.26.50.jpeg<\/span>\n\t\t\t\t\t\t<span itemprop='height'>1600<\/span>\n\t\t\t\t\t\t<span itemprop='width'>1200<\/span>\n\t\t\t\t<\/span>\n\t\t\t\t<span class='av-structured-data'  itemprop=\"publisher\" itemtype=\"https:\/\/schema.org\/Organization\" itemscope=\"itemscope\" >\n\t\t\t\t\t\t<span itemprop='name'>Max<\/span>\n\t\t\t\t\t\t<span itemprop='logo' itemscope itemtype='https:\/\/schema.org\/ImageObject'>\n\t\t\t\t\t\t\t<span itemprop='url'>http:\/\/www.gas-speleo.fr\/wp-content\/uploads\/2020\/12\/logo-gas-ffs.jpg<\/span>\n\t\t\t\t\t\t <\/span>\n\t\t\t\t<\/span><span class='av-structured-data'  itemprop=\"author\" itemscope=\"itemscope\" itemtype=\"https:\/\/schema.org\/Person\" ><span itemprop='name'>Max<\/span><\/span><span class='av-structured-data'  itemprop=\"datePublished\" datetime=\"2020-12-17T10:32:37+01:00\" >2023-03-06 13:54:18<\/span><span class='av-structured-data'  itemprop=\"dateModified\" itemtype=\"https:\/\/schema.org\/dateModified\" >2023-04-22 22:25:57<\/span><span class='av-structured-data'  itemprop=\"mainEntityOfPage\" itemtype=\"https:\/\/schema.org\/mainEntityOfPage\" ><span itemprop='name'>Grotte de Ha\u00efou<\/span><\/span><\/span><\/article><article class='slide-entry flex_column  post-entry post-entry-1434 slide-entry-overview slide-loop-8 slide-parity-even  av_one_third  real-thumbnail post-format-standard'  itemscope=\"itemscope\" itemtype=\"https:\/\/schema.org\/CreativeWork\" ><a href='https:\/\/www.gas-speleo.fr\/index.php\/2023\/02\/24\/sortie-du-vendredi-une-modeste-sortie-pour-la-saint-modeste\/' data-rel='slide-1' class='slide-image' title='Sortie du vendredi : une modeste sortie pour la saint modeste \ud83d\ude00'><img decoding=\"async\" width=\"495\" height=\"400\" src=\"https:\/\/www.gas-speleo.fr\/wp-content\/uploads\/2023\/02\/PiqueNiqueDesVieux-2240010-495x400.jpg\" class=\"wp-image-1437 avia-img-lazy-loading-not-1437 attachment-portfolio size-portfolio wp-post-image\" alt=\"\" srcset=\"https:\/\/www.gas-speleo.fr\/wp-content\/uploads\/2023\/02\/PiqueNiqueDesVieux-2240010-495x400.jpg 495w, https:\/\/www.gas-speleo.fr\/wp-content\/uploads\/2023\/02\/PiqueNiqueDesVieux-2240010-845x684.jpg 845w\" sizes=\"(max-width: 495px) 100vw, 495px\" \/><\/a><div class='slide-content'><header class=\"entry-content-header\"><span class=\"blog-categories minor-meta\"><a href=\"https:\/\/www.gas-speleo.fr\/index.php\/category\/speleo\/\" rel=\"tag\">Sp\u00e9l\u00e9o<\/a> <\/span><h3 class='slide-entry-title entry-title '  itemprop=\"headline\" ><a href='https:\/\/www.gas-speleo.fr\/index.php\/2023\/02\/24\/sortie-du-vendredi-une-modeste-sortie-pour-la-saint-modeste\/' title='Sortie du vendredi : une modeste sortie pour la saint modeste \ud83d\ude00'>Sortie du vendredi : une modeste sortie pour la saint modeste \ud83d\ude00<\/a><\/h3><span class=\"av-vertical-delimiter\"><\/span><\/header><div class='slide-entry-excerpt entry-content'  itemprop=\"text\" >Compte rendu d'une sortie \u00e9quipement pour Claire avec Maxou \u00e0 la v\u00e9rif' \ud83d\ude09<\/div><\/div><footer class=\"entry-footer\"><div class='slide-meta'><time class='slide-meta-time updated'  itemprop=\"datePublished\" datetime=\"2023-02-24T21:39:23+01:00\" >24 f\u00e9vrier 2023<\/time><\/div><\/footer><span class='hidden'>\n\t\t\t\t<span class='av-structured-data'  itemprop=\"image\" itemscope=\"itemscope\" itemtype=\"https:\/\/schema.org\/ImageObject\" >\n\t\t\t\t\t\t<span itemprop='url'>https:\/\/www.gas-speleo.fr\/wp-content\/uploads\/2023\/02\/PiqueNiqueDesVieux-2240010-scaled.jpg<\/span>\n\t\t\t\t\t\t<span itemprop='height'>2560<\/span>\n\t\t\t\t\t\t<span itemprop='width'>1920<\/span>\n\t\t\t\t<\/span>\n\t\t\t\t<span class='av-structured-data'  itemprop=\"publisher\" itemtype=\"https:\/\/schema.org\/Organization\" itemscope=\"itemscope\" >\n\t\t\t\t\t\t<span itemprop='name'>Max<\/span>\n\t\t\t\t\t\t<span itemprop='logo' itemscope itemtype='https:\/\/schema.org\/ImageObject'>\n\t\t\t\t\t\t\t<span itemprop='url'>http:\/\/www.gas-speleo.fr\/wp-content\/uploads\/2020\/12\/logo-gas-ffs.jpg<\/span>\n\t\t\t\t\t\t <\/span>\n\t\t\t\t<\/span><span class='av-structured-data'  itemprop=\"author\" itemscope=\"itemscope\" itemtype=\"https:\/\/schema.org\/Person\" ><span itemprop='name'>Max<\/span><\/span><span class='av-structured-data'  itemprop=\"datePublished\" datetime=\"2020-12-17T10:32:37+01:00\" >2023-02-24 21:39:23<\/span><span class='av-structured-data'  itemprop=\"dateModified\" itemtype=\"https:\/\/schema.org\/dateModified\" >2023-02-25 20:51:30<\/span><span class='av-structured-data'  itemprop=\"mainEntityOfPage\" itemtype=\"https:\/\/schema.org\/mainEntityOfPage\" ><span itemprop='name'>Sortie du vendredi : une modeste sortie pour la saint modeste \ud83d\ude00<\/span><\/span><\/span><\/article><article class='slide-entry flex_column  post-entry post-entry-1420 slide-entry-overview slide-loop-9 slide-parity-odd  av_one_third  real-thumbnail post-format-standard'  itemscope=\"itemscope\" itemtype=\"https:\/\/schema.org\/CreativeWork\" ><a href='https:\/\/www.gas-speleo.fr\/index.php\/2023\/01\/28\/assemblee-generale-du-gas\/' data-rel='slide-1' class='slide-image' title='Assembl\u00e9e G\u00e9n\u00e9rale du GAS'><img decoding=\"async\" width=\"495\" height=\"400\" src=\"https:\/\/www.gas-speleo.fr\/wp-content\/uploads\/2023\/01\/IMG_2411-Grande-495x400.jpeg\" class=\"wp-image-1421 avia-img-lazy-loading-not-1421 attachment-portfolio size-portfolio wp-post-image\" alt=\"\" srcset=\"https:\/\/www.gas-speleo.fr\/wp-content\/uploads\/2023\/01\/IMG_2411-Grande-495x400.jpeg 495w, https:\/\/www.gas-speleo.fr\/wp-content\/uploads\/2023\/01\/IMG_2411-Grande-845x684.jpeg 845w\" sizes=\"(max-width: 495px) 100vw, 495px\" \/><\/a><div class='slide-content'><header class=\"entry-content-header\"><span class=\"blog-categories minor-meta\"><a href=\"https:\/\/www.gas-speleo.fr\/index.php\/category\/divers\/\" rel=\"tag\">Divers<\/a> <\/span><h3 class='slide-entry-title entry-title '  itemprop=\"headline\" ><a href='https:\/\/www.gas-speleo.fr\/index.php\/2023\/01\/28\/assemblee-generale-du-gas\/' title='Assembl\u00e9e G\u00e9n\u00e9rale du GAS'>Assembl\u00e9e G\u00e9n\u00e9rale du GAS<\/a><\/h3><span class=\"av-vertical-delimiter\"><\/span><\/header><div class='slide-entry-excerpt entry-content'  itemprop=\"text\" >L'assembl\u00e9e g\u00e9n\u00e9rale du GAS s'est d\u00e9roul\u00e9 le 28 janvier <\/div><\/div><footer class=\"entry-footer\"><div class='slide-meta'><time class='slide-meta-time updated'  itemprop=\"datePublished\" datetime=\"2023-01-28T22:24:56+01:00\" >28 janvier 2023<\/time><\/div><\/footer><span class='hidden'>\n\t\t\t\t<span class='av-structured-data'  itemprop=\"image\" itemscope=\"itemscope\" itemtype=\"https:\/\/schema.org\/ImageObject\" >\n\t\t\t\t\t\t<span itemprop='url'>https:\/\/www.gas-speleo.fr\/wp-content\/uploads\/2023\/01\/IMG_2411-Grande.jpeg<\/span>\n\t\t\t\t\t\t<span itemprop='height'>960<\/span>\n\t\t\t\t\t\t<span itemprop='width'>1280<\/span>\n\t\t\t\t<\/span>\n\t\t\t\t<span class='av-structured-data'  itemprop=\"publisher\" itemtype=\"https:\/\/schema.org\/Organization\" itemscope=\"itemscope\" >\n\t\t\t\t\t\t<span itemprop='name'>Max<\/span>\n\t\t\t\t\t\t<span itemprop='logo' itemscope itemtype='https:\/\/schema.org\/ImageObject'>\n\t\t\t\t\t\t\t<span itemprop='url'>http:\/\/www.gas-speleo.fr\/wp-content\/uploads\/2020\/12\/logo-gas-ffs.jpg<\/span>\n\t\t\t\t\t\t <\/span>\n\t\t\t\t<\/span><span class='av-structured-data'  itemprop=\"author\" itemscope=\"itemscope\" itemtype=\"https:\/\/schema.org\/Person\" ><span itemprop='name'>Max<\/span><\/span><span class='av-structured-data'  itemprop=\"datePublished\" datetime=\"2020-12-17T10:32:37+01:00\" >2023-01-28 22:24:56<\/span><span class='av-structured-data'  itemprop=\"dateModified\" itemtype=\"https:\/\/schema.org\/dateModified\" >2023-01-28 22:33:55<\/span><span class='av-structured-data'  itemprop=\"mainEntityOfPage\" itemtype=\"https:\/\/schema.org\/mainEntityOfPage\" ><span itemprop='name'>Assembl\u00e9e G\u00e9n\u00e9rale du GAS<\/span><\/span><\/span><\/article><\/div><div class='slide-entry-wrap'><article class='slide-entry flex_column  post-entry post-entry-1361 slide-entry-overview slide-loop-10 slide-parity-odd  av_one_third first real-thumbnail post-format-standard'  itemscope=\"itemscope\" itemtype=\"https:\/\/schema.org\/CreativeWork\" ><a href='https:\/\/www.gas-speleo.fr\/index.php\/2022\/08\/28\/demenagement\/' data-rel='slide-1' class='slide-image' title='D\u00e9m\u00e9nagement'><img decoding=\"async\" width=\"495\" height=\"400\" src=\"https:\/\/www.gas-speleo.fr\/wp-content\/uploads\/2022\/08\/a-22-sur-109-1-495x400.jpg\" class=\"wp-image-1363 avia-img-lazy-loading-not-1363 attachment-portfolio size-portfolio wp-post-image\" alt=\"\" srcset=\"https:\/\/www.gas-speleo.fr\/wp-content\/uploads\/2022\/08\/a-22-sur-109-1-495x400.jpg 495w, https:\/\/www.gas-speleo.fr\/wp-content\/uploads\/2022\/08\/a-22-sur-109-1-845x684.jpg 845w\" sizes=\"(max-width: 495px) 100vw, 495px\" \/><\/a><div class='slide-content'><header class=\"entry-content-header\"><span class=\"blog-categories minor-meta\"><a href=\"https:\/\/www.gas-speleo.fr\/index.php\/category\/divers\/\" rel=\"tag\">Divers<\/a> <\/span><h3 class='slide-entry-title entry-title '  itemprop=\"headline\" ><a href='https:\/\/www.gas-speleo.fr\/index.php\/2022\/08\/28\/demenagement\/' title='D\u00e9m\u00e9nagement'>D\u00e9m\u00e9nagement<\/a><\/h3><span class=\"av-vertical-delimiter\"><\/span><\/header><div class='slide-entry-excerpt entry-content'  itemprop=\"text\" >\nMercredi 24, top d\u00e9part 7h30. Les cartons sont d\u00e9j\u00e0 pr\u00eats, il s'agit donc d'empiler des machins sur des trucs et de tout embarquer pour le nouveau local. \n\n\n\n\n\n\n\nApr\u00e8s la pause croissants\/caf\u00e9 il ne reste plus qu'\u00e0... emm\u00e9nager^^\n\n\n\n\n\n\n\nUn\u2026<\/div><\/div><footer class=\"entry-footer\"><div class='slide-meta'><time class='slide-meta-time updated'  itemprop=\"datePublished\" datetime=\"2022-08-28T22:47:10+02:00\" >28 ao\u00fbt 2022<\/time><\/div><\/footer><span class='hidden'>\n\t\t\t\t<span class='av-structured-data'  itemprop=\"image\" itemscope=\"itemscope\" itemtype=\"https:\/\/schema.org\/ImageObject\" >\n\t\t\t\t\t\t<span itemprop='url'>https:\/\/www.gas-speleo.fr\/wp-content\/uploads\/2022\/08\/a-22-sur-109-1-scaled.jpg<\/span>\n\t\t\t\t\t\t<span itemprop='height'>2560<\/span>\n\t\t\t\t\t\t<span itemprop='width'>1920<\/span>\n\t\t\t\t<\/span>\n\t\t\t\t<span class='av-structured-data'  itemprop=\"publisher\" itemtype=\"https:\/\/schema.org\/Organization\" itemscope=\"itemscope\" >\n\t\t\t\t\t\t<span itemprop='name'>Max<\/span>\n\t\t\t\t\t\t<span itemprop='logo' itemscope itemtype='https:\/\/schema.org\/ImageObject'>\n\t\t\t\t\t\t\t<span itemprop='url'>http:\/\/www.gas-speleo.fr\/wp-content\/uploads\/2020\/12\/logo-gas-ffs.jpg<\/span>\n\t\t\t\t\t\t <\/span>\n\t\t\t\t<\/span><span class='av-structured-data'  itemprop=\"author\" itemscope=\"itemscope\" itemtype=\"https:\/\/schema.org\/Person\" ><span itemprop='name'>Max<\/span><\/span><span class='av-structured-data'  itemprop=\"datePublished\" datetime=\"2020-12-17T10:32:37+01:00\" >2022-08-28 22:47:10<\/span><span class='av-structured-data'  itemprop=\"dateModified\" itemtype=\"https:\/\/schema.org\/dateModified\" >2022-08-28 22:53:14<\/span><span class='av-structured-data'  itemprop=\"mainEntityOfPage\" itemtype=\"https:\/\/schema.org\/mainEntityOfPage\" ><span itemprop='name'>D\u00e9m\u00e9nagement<\/span><\/span><\/span><\/article><article class='slide-entry flex_column  post-entry post-entry-1380 slide-entry-overview slide-loop-11 slide-parity-even  av_one_third  real-thumbnail post-format-standard'  itemscope=\"itemscope\" itemtype=\"https:\/\/schema.org\/CreativeWork\" ><a href='https:\/\/www.gas-speleo.fr\/index.php\/2022\/08\/21\/dans-un-trou-pres-de-st-girons-le-21-08-2022\/' data-rel='slide-1' class='slide-image' title='Dans un trou pr\u00e8s de St Girons, le 21\/08\/2022'><img decoding=\"async\" width=\"495\" height=\"400\" src=\"https:\/\/www.gas-speleo.fr\/wp-content\/uploads\/2022\/08\/IMG_1259-Grande-495x400.jpeg\" class=\"wp-image-1386 avia-img-lazy-loading-not-1386 attachment-portfolio size-portfolio wp-post-image\" alt=\"\" srcset=\"https:\/\/www.gas-speleo.fr\/wp-content\/uploads\/2022\/08\/IMG_1259-Grande-495x400.jpeg 495w, https:\/\/www.gas-speleo.fr\/wp-content\/uploads\/2022\/08\/IMG_1259-Grande-845x684.jpeg 845w\" sizes=\"(max-width: 495px) 100vw, 495px\" \/><\/a><div class='slide-content'><header class=\"entry-content-header\"><span class=\"blog-categories minor-meta\"><a href=\"https:\/\/www.gas-speleo.fr\/index.php\/category\/explo\/\" rel=\"tag\">Exploration<\/a>, <a href=\"https:\/\/www.gas-speleo.fr\/index.php\/category\/speleo\/\" rel=\"tag\">Sp\u00e9l\u00e9o<\/a> <\/span><h3 class='slide-entry-title entry-title '  itemprop=\"headline\" ><a href='https:\/\/www.gas-speleo.fr\/index.php\/2022\/08\/21\/dans-un-trou-pres-de-st-girons-le-21-08-2022\/' title='Dans un trou pr\u00e8s de St Girons, le 21\/08\/2022'>Dans un trou pr\u00e8s de St Girons, le 21\/08\/2022<\/a><\/h3><span class=\"av-vertical-delimiter\"><\/span><\/header><div class='slide-entry-excerpt entry-content'  itemprop=\"text\" >\nParticipants : Claire, Didier, Jo\u00ebl, Lil\u00e9ia, Marc, Maxime, Natacha, Raymond, Sabine et Thibault.\n\n\n\n\nPassage de la vo\u00fbte mouillante par Thibault.&nbsp;\n\n\n\n\nNotre plongeur aura appr\u00e9ci\u00e9 la fra\u00eecheur de l\u2019eau vivifiante et sa couche d\u2019argile\u2026<\/div><\/div><footer class=\"entry-footer\"><div class='slide-meta'><time class='slide-meta-time updated'  itemprop=\"datePublished\" datetime=\"2022-08-21T00:06:20+02:00\" >21 ao\u00fbt 2022<\/time><\/div><\/footer><span class='hidden'>\n\t\t\t\t<span class='av-structured-data'  itemprop=\"image\" itemscope=\"itemscope\" itemtype=\"https:\/\/schema.org\/ImageObject\" >\n\t\t\t\t\t\t<span itemprop='url'>https:\/\/www.gas-speleo.fr\/wp-content\/uploads\/2022\/08\/IMG_1259-Grande.jpeg<\/span>\n\t\t\t\t\t\t<span itemprop='height'>960<\/span>\n\t\t\t\t\t\t<span itemprop='width'>1280<\/span>\n\t\t\t\t<\/span>\n\t\t\t\t<span class='av-structured-data'  itemprop=\"publisher\" itemtype=\"https:\/\/schema.org\/Organization\" itemscope=\"itemscope\" >\n\t\t\t\t\t\t<span itemprop='name'>Max<\/span>\n\t\t\t\t\t\t<span itemprop='logo' itemscope itemtype='https:\/\/schema.org\/ImageObject'>\n\t\t\t\t\t\t\t<span itemprop='url'>http:\/\/www.gas-speleo.fr\/wp-content\/uploads\/2020\/12\/logo-gas-ffs.jpg<\/span>\n\t\t\t\t\t\t <\/span>\n\t\t\t\t<\/span><span class='av-structured-data'  itemprop=\"author\" itemscope=\"itemscope\" itemtype=\"https:\/\/schema.org\/Person\" ><span itemprop='name'>Max<\/span><\/span><span class='av-structured-data'  itemprop=\"datePublished\" datetime=\"2020-12-17T10:32:37+01:00\" >2022-08-21 00:06:20<\/span><span class='av-structured-data'  itemprop=\"dateModified\" itemtype=\"https:\/\/schema.org\/dateModified\" >2023-01-28 00:08:59<\/span><span class='av-structured-data'  itemprop=\"mainEntityOfPage\" itemtype=\"https:\/\/schema.org\/mainEntityOfPage\" ><span itemprop='name'>Dans un trou pr\u00e8s de St Girons, le 21\/08\/2022<\/span><\/span><\/span><\/article><article class='slide-entry flex_column  post-entry post-entry-1345 slide-entry-overview slide-loop-12 slide-parity-odd  av_one_third  real-thumbnail post-format-standard'  itemscope=\"itemscope\" itemtype=\"https:\/\/schema.org\/CreativeWork\" ><a href='https:\/\/www.gas-speleo.fr\/index.php\/2022\/04\/13\/ligue-olivier-les-doigts-dans-lnez\/' data-rel='slide-1' class='slide-image' title='L&rsquo;igue Olivier, les doigts dans l&rsquo;nez'><img decoding=\"async\" width=\"495\" height=\"400\" src=\"https:\/\/www.gas-speleo.fr\/wp-content\/uploads\/2022\/04\/2022-03-27_1023_DSC01524-495x400.jpg\" class=\"wp-image-1346 avia-img-lazy-loading-not-1346 attachment-portfolio size-portfolio wp-post-image\" alt=\"\" srcset=\"https:\/\/www.gas-speleo.fr\/wp-content\/uploads\/2022\/04\/2022-03-27_1023_DSC01524-495x400.jpg 495w, https:\/\/www.gas-speleo.fr\/wp-content\/uploads\/2022\/04\/2022-03-27_1023_DSC01524-533x430.jpg 533w\" sizes=\"(max-width: 495px) 100vw, 495px\" \/><\/a><div class='slide-content'><header class=\"entry-content-header\"><span class=\"blog-categories minor-meta\"><a href=\"https:\/\/www.gas-speleo.fr\/index.php\/category\/explo\/\" rel=\"tag\">Exploration<\/a> <\/span><h3 class='slide-entry-title entry-title '  itemprop=\"headline\" ><a href='https:\/\/www.gas-speleo.fr\/index.php\/2022\/04\/13\/ligue-olivier-les-doigts-dans-lnez\/' title='L&rsquo;igue Olivier, les doigts dans l&rsquo;nez'>L&rsquo;igue Olivier, les doigts dans l&rsquo;nez<\/a><\/h3><span class=\"av-vertical-delimiter\"><\/span><\/header><div class='slide-entry-excerpt entry-content'  itemprop=\"text\" >\nLes sorties \"interclubs p\u00e9diatriques\" ont de plus en plus de succ\u00e8s : en ce 27 mars 2022, nous comptons pas moins de neuf aventuriers sur les rangs : Seb et Oriane, Michel, Mathis et Gennaro, Chlo\u00e9 (pour le GAS), Max et Adrien (pour le CASKE),\u2026<\/div><\/div><footer class=\"entry-footer\"><div class='slide-meta'><time class='slide-meta-time updated'  itemprop=\"datePublished\" datetime=\"2022-04-13T19:03:46+02:00\" >13 avril 2022<\/time><\/div><\/footer><span class='hidden'>\n\t\t\t\t<span class='av-structured-data'  itemprop=\"image\" itemscope=\"itemscope\" itemtype=\"https:\/\/schema.org\/ImageObject\" >\n\t\t\t\t\t\t<span itemprop='url'>https:\/\/www.gas-speleo.fr\/wp-content\/uploads\/2022\/04\/2022-03-27_1023_DSC01524.jpg<\/span>\n\t\t\t\t\t\t<span itemprop='height'>800<\/span>\n\t\t\t\t\t\t<span itemprop='width'>533<\/span>\n\t\t\t\t<\/span>\n\t\t\t\t<span class='av-structured-data'  itemprop=\"publisher\" itemtype=\"https:\/\/schema.org\/Organization\" itemscope=\"itemscope\" >\n\t\t\t\t\t\t<span itemprop='name'>Stephane<\/span>\n\t\t\t\t\t\t<span itemprop='logo' itemscope itemtype='https:\/\/schema.org\/ImageObject'>\n\t\t\t\t\t\t\t<span itemprop='url'>http:\/\/www.gas-speleo.fr\/wp-content\/uploads\/2020\/12\/logo-gas-ffs.jpg<\/span>\n\t\t\t\t\t\t <\/span>\n\t\t\t\t<\/span><span class='av-structured-data'  itemprop=\"author\" itemscope=\"itemscope\" itemtype=\"https:\/\/schema.org\/Person\" ><span itemprop='name'>Stephane<\/span><\/span><span class='av-structured-data'  itemprop=\"datePublished\" datetime=\"2020-12-17T10:32:37+01:00\" >2022-04-13 19:03:46<\/span><span class='av-structured-data'  itemprop=\"dateModified\" itemtype=\"https:\/\/schema.org\/dateModified\" >2022-06-02 07:38:57<\/span><span class='av-structured-data'  itemprop=\"mainEntityOfPage\" itemtype=\"https:\/\/schema.org\/mainEntityOfPage\" ><span itemprop='name'>L&rsquo;igue Olivier, les doigts dans l&rsquo;nez<\/span><\/span><\/span><\/article><\/div><div class='slide-entry-wrap'><article class='slide-entry flex_column  post-entry post-entry-1298 slide-entry-overview slide-loop-13 slide-parity-odd  av_one_third first real-thumbnail post-format-standard'  itemscope=\"itemscope\" itemtype=\"https:\/\/schema.org\/CreativeWork\" ><a href='https:\/\/www.gas-speleo.fr\/index.php\/2022\/04\/10\/a-toi-alain\/' data-rel='slide-1' class='slide-image' title='\u00c0 toi Alain,'><img decoding=\"async\" width=\"495\" height=\"400\" src=\"https:\/\/www.gas-speleo.fr\/wp-content\/uploads\/2022\/04\/Z-446-2-495x400.jpg\" class=\"wp-image-1303 avia-img-lazy-loading-not-1303 attachment-portfolio size-portfolio wp-post-image\" alt=\"Alain dans la for\u00eat en tenue de sp\u00e9l\u00e9o\" srcset=\"https:\/\/www.gas-speleo.fr\/wp-content\/uploads\/2022\/04\/Z-446-2-495x400.jpg 495w, https:\/\/www.gas-speleo.fr\/wp-content\/uploads\/2022\/04\/Z-446-2-845x684.jpg 845w\" sizes=\"(max-width: 495px) 100vw, 495px\" \/><\/a><div class='slide-content'><header class=\"entry-content-header\"><span class=\"blog-categories minor-meta\"><a href=\"https:\/\/www.gas-speleo.fr\/index.php\/category\/divers\/\" rel=\"tag\">Divers<\/a> <\/span><h3 class='slide-entry-title entry-title '  itemprop=\"headline\" ><a href='https:\/\/www.gas-speleo.fr\/index.php\/2022\/04\/10\/a-toi-alain\/' title='\u00c0 toi Alain,'>\u00c0 toi Alain,<\/a><\/h3><span class=\"av-vertical-delimiter\"><\/span><\/header><div class='slide-entry-excerpt entry-content'  itemprop=\"text\" >\n\n\n\n\n\n\n\n\n\n\n\nAlain,\n\n\n\nJe d\u00e9marre la sp\u00e9l\u00e9o en 2013. En quelques mois j\u2019atterris \u00e0 la Pierre. On commence avec de la d\u00e9sob\u2019 au 214, \u00e7a permet de rencontrer du monde et de se mettre dans l\u2019ambiance. Tr\u00e8s vite je d\u00e9couvre les grandes\u2026<\/div><\/div><footer class=\"entry-footer\"><div class='slide-meta'><time class='slide-meta-time updated'  itemprop=\"datePublished\" datetime=\"2022-04-10T22:48:45+02:00\" >10 avril 2022<\/time><\/div><\/footer><span class='hidden'>\n\t\t\t\t<span class='av-structured-data'  itemprop=\"image\" itemscope=\"itemscope\" itemtype=\"https:\/\/schema.org\/ImageObject\" >\n\t\t\t\t\t\t<span itemprop='url'>https:\/\/www.gas-speleo.fr\/wp-content\/uploads\/2022\/04\/Z-446-2-scaled.jpg<\/span>\n\t\t\t\t\t\t<span itemprop='height'>1702<\/span>\n\t\t\t\t\t\t<span itemprop='width'>2560<\/span>\n\t\t\t\t<\/span>\n\t\t\t\t<span class='av-structured-data'  itemprop=\"publisher\" itemtype=\"https:\/\/schema.org\/Organization\" itemscope=\"itemscope\" >\n\t\t\t\t\t\t<span itemprop='name'>Max<\/span>\n\t\t\t\t\t\t<span itemprop='logo' itemscope itemtype='https:\/\/schema.org\/ImageObject'>\n\t\t\t\t\t\t\t<span itemprop='url'>http:\/\/www.gas-speleo.fr\/wp-content\/uploads\/2020\/12\/logo-gas-ffs.jpg<\/span>\n\t\t\t\t\t\t <\/span>\n\t\t\t\t<\/span><span class='av-structured-data'  itemprop=\"author\" itemscope=\"itemscope\" itemtype=\"https:\/\/schema.org\/Person\" ><span itemprop='name'>Max<\/span><\/span><span class='av-structured-data'  itemprop=\"datePublished\" datetime=\"2020-12-17T10:32:37+01:00\" >2022-04-10 22:48:45<\/span><span class='av-structured-data'  itemprop=\"dateModified\" itemtype=\"https:\/\/schema.org\/dateModified\" >2022-04-10 22:52:05<\/span><span class='av-structured-data'  itemprop=\"mainEntityOfPage\" itemtype=\"https:\/\/schema.org\/mainEntityOfPage\" ><span itemprop='name'>\u00c0 toi Alain,<\/span><\/span><\/span><\/article><article class='slide-entry flex_column  post-entry post-entry-1286 slide-entry-overview slide-loop-14 slide-parity-even  av_one_third  real-thumbnail post-format-standard'  itemscope=\"itemscope\" itemtype=\"https:\/\/schema.org\/CreativeWork\" ><a href='https:\/\/www.gas-speleo.fr\/index.php\/2022\/02\/18\/roussario-6-02-22\/' data-rel='slide-1' class='slide-image' title='Roussario, 6.02.22'><img decoding=\"async\" width=\"495\" height=\"400\" src=\"https:\/\/www.gas-speleo.fr\/wp-content\/uploads\/2022\/02\/P1060593-495x400.jpg\" class=\"wp-image-1292 avia-img-lazy-loading-not-1292 attachment-portfolio size-portfolio wp-post-image\" alt=\"\" srcset=\"https:\/\/www.gas-speleo.fr\/wp-content\/uploads\/2022\/02\/P1060593-495x400.jpg 495w, https:\/\/www.gas-speleo.fr\/wp-content\/uploads\/2022\/02\/P1060593-845x684.jpg 845w\" sizes=\"(max-width: 495px) 100vw, 495px\" \/><\/a><div class='slide-content'><header class=\"entry-content-header\"><span class=\"blog-categories minor-meta\"><a href=\"https:\/\/www.gas-speleo.fr\/index.php\/category\/explo\/\" rel=\"tag\">Exploration<\/a> <\/span><h3 class='slide-entry-title entry-title '  itemprop=\"headline\" ><a href='https:\/\/www.gas-speleo.fr\/index.php\/2022\/02\/18\/roussario-6-02-22\/' title='Roussario, 6.02.22'>Roussario, 6.02.22<\/a><\/h3><span class=\"av-vertical-delimiter\"><\/span><\/header><div class='slide-entry-excerpt entry-content'  itemprop=\"text\" >\nROUSSARIO ENTRE ENFANTS PETITS ET GRANDS\n\n\n\nPremi\u00e8re sortie sous terre pour Oriane, 8 ans, accompagn\u00e9e de Chlo\u00e9, 9 ans, sans oublier les papas, Seb et St\u00e9phane. Michel et Mathis sont excus\u00e9s pour cause de Covid...\n\n\n\n10 minutes de marche\u2026<\/div><\/div><footer class=\"entry-footer\"><div class='slide-meta'><time class='slide-meta-time updated'  itemprop=\"datePublished\" datetime=\"2022-02-18T20:41:07+01:00\" >18 f\u00e9vrier 2022<\/time><\/div><\/footer><span class='hidden'>\n\t\t\t\t<span class='av-structured-data'  itemprop=\"image\" itemscope=\"itemscope\" itemtype=\"https:\/\/schema.org\/ImageObject\" >\n\t\t\t\t\t\t<span itemprop='url'>https:\/\/www.gas-speleo.fr\/wp-content\/uploads\/2022\/02\/P1060593-scaled.jpg<\/span>\n\t\t\t\t\t\t<span itemprop='height'>1920<\/span>\n\t\t\t\t\t\t<span itemprop='width'>2560<\/span>\n\t\t\t\t<\/span>\n\t\t\t\t<span class='av-structured-data'  itemprop=\"publisher\" itemtype=\"https:\/\/schema.org\/Organization\" itemscope=\"itemscope\" >\n\t\t\t\t\t\t<span itemprop='name'>Stephane<\/span>\n\t\t\t\t\t\t<span itemprop='logo' itemscope itemtype='https:\/\/schema.org\/ImageObject'>\n\t\t\t\t\t\t\t<span itemprop='url'>http:\/\/www.gas-speleo.fr\/wp-content\/uploads\/2020\/12\/logo-gas-ffs.jpg<\/span>\n\t\t\t\t\t\t <\/span>\n\t\t\t\t<\/span><span class='av-structured-data'  itemprop=\"author\" itemscope=\"itemscope\" itemtype=\"https:\/\/schema.org\/Person\" ><span itemprop='name'>Stephane<\/span><\/span><span class='av-structured-data'  itemprop=\"datePublished\" datetime=\"2020-12-17T10:32:37+01:00\" >2022-02-18 20:41:07<\/span><span class='av-structured-data'  itemprop=\"dateModified\" itemtype=\"https:\/\/schema.org\/dateModified\" >2022-02-18 20:41:08<\/span><span class='av-structured-data'  itemprop=\"mainEntityOfPage\" itemtype=\"https:\/\/schema.org\/mainEntityOfPage\" ><span itemprop='name'>Roussario, 6.02.22<\/span><\/span><\/span><\/article><article class='slide-entry flex_column  post-entry post-entry-1276 slide-entry-overview slide-loop-15 slide-parity-odd  av_one_third  real-thumbnail post-format-standard'  itemscope=\"itemscope\" itemtype=\"https:\/\/schema.org\/CreativeWork\" ><a href='https:\/\/www.gas-speleo.fr\/index.php\/2022\/02\/18\/explo-aux-barthasses\/' data-rel='slide-1' class='slide-image' title='Explo aux Barthasses'><img decoding=\"async\" width=\"495\" height=\"400\" src=\"https:\/\/www.gas-speleo.fr\/wp-content\/uploads\/2022\/02\/P1060297-495x400.jpg\" class=\"wp-image-1285 avia-img-lazy-loading-not-1285 attachment-portfolio size-portfolio wp-post-image\" alt=\"\" srcset=\"https:\/\/www.gas-speleo.fr\/wp-content\/uploads\/2022\/02\/P1060297-495x400.jpg 495w, https:\/\/www.gas-speleo.fr\/wp-content\/uploads\/2022\/02\/P1060297-845x684.jpg 845w\" sizes=\"(max-width: 495px) 100vw, 495px\" \/><\/a><div class='slide-content'><header class=\"entry-content-header\"><span class=\"blog-categories minor-meta\"><a href=\"https:\/\/www.gas-speleo.fr\/index.php\/category\/explo\/\" rel=\"tag\">Exploration<\/a> <\/span><h3 class='slide-entry-title entry-title '  itemprop=\"headline\" ><a href='https:\/\/www.gas-speleo.fr\/index.php\/2022\/02\/18\/explo-aux-barthasses\/' title='Explo aux Barthasses'>Explo aux Barthasses<\/a><\/h3><span class=\"av-vertical-delimiter\"><\/span><\/header><div class='slide-entry-excerpt entry-content'  itemprop=\"text\" >\nEXPLO AUX BARTHASSES\n\n\n\n26 septembre 2021.\n\n\n\nApr\u00e8s avoir un peu gal\u00e9r\u00e9 pour trouver le meilleur cheminement (pour les prochains : suivez le texte de la fiche plut\u00f4t que le trac\u00e9 sur la carte) voil\u00e0 l'entr\u00e9e de la grotte au bout d'un\u2026<\/div><\/div><footer class=\"entry-footer\"><div class='slide-meta'><time class='slide-meta-time updated'  itemprop=\"datePublished\" datetime=\"2022-02-18T20:19:46+01:00\" >18 f\u00e9vrier 2022<\/time><\/div><\/footer><span class='hidden'>\n\t\t\t\t<span class='av-structured-data'  itemprop=\"image\" itemscope=\"itemscope\" itemtype=\"https:\/\/schema.org\/ImageObject\" >\n\t\t\t\t\t\t<span itemprop='url'>https:\/\/www.gas-speleo.fr\/wp-content\/uploads\/2022\/02\/P1060297-scaled.jpg<\/span>\n\t\t\t\t\t\t<span itemprop='height'>1440<\/span>\n\t\t\t\t\t\t<span itemprop='width'>2560<\/span>\n\t\t\t\t<\/span>\n\t\t\t\t<span class='av-structured-data'  itemprop=\"publisher\" itemtype=\"https:\/\/schema.org\/Organization\" itemscope=\"itemscope\" >\n\t\t\t\t\t\t<span itemprop='name'>Stephane<\/span>\n\t\t\t\t\t\t<span itemprop='logo' itemscope itemtype='https:\/\/schema.org\/ImageObject'>\n\t\t\t\t\t\t\t<span itemprop='url'>http:\/\/www.gas-speleo.fr\/wp-content\/uploads\/2020\/12\/logo-gas-ffs.jpg<\/span>\n\t\t\t\t\t\t <\/span>\n\t\t\t\t<\/span><span class='av-structured-data'  itemprop=\"author\" itemscope=\"itemscope\" itemtype=\"https:\/\/schema.org\/Person\" ><span itemprop='name'>Stephane<\/span><\/span><span class='av-structured-data'  itemprop=\"datePublished\" datetime=\"2020-12-17T10:32:37+01:00\" >2022-02-18 20:19:46<\/span><span class='av-structured-data'  itemprop=\"dateModified\" itemtype=\"https:\/\/schema.org\/dateModified\" >2022-02-18 20:43:12<\/span><span class='av-structured-data'  itemprop=\"mainEntityOfPage\" itemtype=\"https:\/\/schema.org\/mainEntityOfPage\" ><span itemprop='name'>Explo aux Barthasses<\/span><\/span><\/span><\/article><\/div><div class='slide-entry-wrap'><article class='slide-entry flex_column  post-entry post-entry-1209 slide-entry-overview slide-loop-16 slide-parity-odd  av_one_third first real-thumbnail post-format-standard'  itemscope=\"itemscope\" itemtype=\"https:\/\/schema.org\/CreativeWork\" ><a href='https:\/\/www.gas-speleo.fr\/index.php\/2021\/08\/09\/plongee-a-la-grotte-du-pont-du-diable-dans-le-gers\/' data-rel='slide-1' class='slide-image' title='Plong\u00e9e \u00e0 la grotte du pont du Diable dans le GERS'><img decoding=\"async\" width=\"495\" height=\"400\" src=\"https:\/\/www.gas-speleo.fr\/wp-content\/uploads\/2021\/08\/P7310090-2-495x400.jpg\" class=\"wp-image-1244 avia-img-lazy-loading-not-1244 attachment-portfolio size-portfolio wp-post-image\" alt=\"\" srcset=\"https:\/\/www.gas-speleo.fr\/wp-content\/uploads\/2021\/08\/P7310090-2-495x400.jpg 495w, https:\/\/www.gas-speleo.fr\/wp-content\/uploads\/2021\/08\/P7310090-2-845x684.jpg 845w\" sizes=\"(max-width: 495px) 100vw, 495px\" \/><\/a><div class='slide-content'><header class=\"entry-content-header\"><span class=\"blog-categories minor-meta\"><a href=\"https:\/\/www.gas-speleo.fr\/index.php\/category\/explo\/\" rel=\"tag\">Exploration<\/a> <\/span><h3 class='slide-entry-title entry-title '  itemprop=\"headline\" ><a href='https:\/\/www.gas-speleo.fr\/index.php\/2021\/08\/09\/plongee-a-la-grotte-du-pont-du-diable-dans-le-gers\/' title='Plong\u00e9e \u00e0 la grotte du pont du Diable dans le GERS'>Plong\u00e9e \u00e0 la grotte du pont du Diable dans le GERS<\/a><\/h3><span class=\"av-vertical-delimiter\"><\/span><\/header><div class='slide-entry-excerpt entry-content'  itemprop=\"text\" >\n\n\n\n\n\n\n\n\n\n\n\n\n\n<\/div><\/div><footer class=\"entry-footer\"><div class='slide-meta'><time class='slide-meta-time updated'  itemprop=\"datePublished\" datetime=\"2021-08-09T12:42:04+02:00\" >9 ao\u00fbt 2021<\/time><\/div><\/footer><span class='hidden'>\n\t\t\t\t<span class='av-structured-data'  itemprop=\"image\" itemscope=\"itemscope\" itemtype=\"https:\/\/schema.org\/ImageObject\" >\n\t\t\t\t\t\t<span itemprop='url'>https:\/\/www.gas-speleo.fr\/wp-content\/uploads\/2021\/08\/P7310090-2-scaled.jpg<\/span>\n\t\t\t\t\t\t<span itemprop='height'>1707<\/span>\n\t\t\t\t\t\t<span itemprop='width'>2560<\/span>\n\t\t\t\t<\/span>\n\t\t\t\t<span class='av-structured-data'  itemprop=\"publisher\" itemtype=\"https:\/\/schema.org\/Organization\" itemscope=\"itemscope\" >\n\t\t\t\t\t\t<span itemprop='name'>GAS<\/span>\n\t\t\t\t\t\t<span itemprop='logo' itemscope itemtype='https:\/\/schema.org\/ImageObject'>\n\t\t\t\t\t\t\t<span itemprop='url'>http:\/\/www.gas-speleo.fr\/wp-content\/uploads\/2020\/12\/logo-gas-ffs.jpg<\/span>\n\t\t\t\t\t\t <\/span>\n\t\t\t\t<\/span><span class='av-structured-data'  itemprop=\"author\" itemscope=\"itemscope\" itemtype=\"https:\/\/schema.org\/Person\" ><span itemprop='name'>GAS<\/span><\/span><span class='av-structured-data'  itemprop=\"datePublished\" datetime=\"2020-12-17T10:32:37+01:00\" >2021-08-09 12:42:04<\/span><span class='av-structured-data'  itemprop=\"dateModified\" itemtype=\"https:\/\/schema.org\/dateModified\" >2021-08-11 14:55:58<\/span><span class='av-structured-data'  itemprop=\"mainEntityOfPage\" itemtype=\"https:\/\/schema.org\/mainEntityOfPage\" ><span itemprop='name'>Plong\u00e9e \u00e0 la grotte du pont du Diable dans le GERS<\/span><\/span><\/span><\/article><article class='slide-entry flex_column  post-entry post-entry-1167 slide-entry-overview slide-loop-17 slide-parity-even  av_one_third  real-thumbnail post-format-standard'  itemscope=\"itemscope\" itemtype=\"https:\/\/schema.org\/CreativeWork\" ><a href='https:\/\/www.gas-speleo.fr\/index.php\/2021\/05\/22\/aux-3-cloches\/' data-rel='slide-1' class='slide-image' title='Aux 3 Cloches&#8230;'><img decoding=\"async\" width=\"495\" height=\"400\" src=\"https:\/\/www.gas-speleo.fr\/wp-content\/uploads\/2021\/05\/IMG_9063-495x400.jpg\" class=\"wp-image-1175 avia-img-lazy-loading-not-1175 attachment-portfolio size-portfolio wp-post-image\" alt=\"\" \/><\/a><div class='slide-content'><header class=\"entry-content-header\"><span class=\"blog-categories minor-meta\"><a href=\"https:\/\/www.gas-speleo.fr\/index.php\/category\/initiation\/\" rel=\"tag\">Initiation<\/a>, <a href=\"https:\/\/www.gas-speleo.fr\/index.php\/category\/speleo\/\" rel=\"tag\">Sp\u00e9l\u00e9o<\/a> <\/span><h3 class='slide-entry-title entry-title '  itemprop=\"headline\" ><a href='https:\/\/www.gas-speleo.fr\/index.php\/2021\/05\/22\/aux-3-cloches\/' title='Aux 3 Cloches&#8230;'>Aux 3 Cloches&#8230;<\/a><\/h3><span class=\"av-vertical-delimiter\"><\/span><\/header><div class='slide-entry-excerpt entry-content'  itemprop=\"text\" >\nPetit retour sur cette sympathique sortie printani\u00e8re du 22 mai sur le th\u00e8me des schtroumpfs sp\u00e9l\u00e9os : Mathis, 7 ans ; Chlo\u00e9, 8 ans ; et leurs papas, Michel et St\u00e9phane, beaucoup d'ans !\n\n\n\nDans un trou vivaient deux hobbits.\n\n\n\nLa cavit\u00e9\u2026<\/div><\/div><footer class=\"entry-footer\"><div class='slide-meta'><time class='slide-meta-time updated'  itemprop=\"datePublished\" datetime=\"2021-05-22T12:37:00+02:00\" >22 mai 2021<\/time><\/div><\/footer><span class='hidden'>\n\t\t\t\t<span class='av-structured-data'  itemprop=\"image\" itemscope=\"itemscope\" itemtype=\"https:\/\/schema.org\/ImageObject\" >\n\t\t\t\t\t\t<span itemprop='url'>https:\/\/www.gas-speleo.fr\/wp-content\/uploads\/2021\/05\/IMG_9063.jpg<\/span>\n\t\t\t\t\t\t<span itemprop='height'>516<\/span>\n\t\t\t\t\t\t<span itemprop='width'>688<\/span>\n\t\t\t\t<\/span>\n\t\t\t\t<span class='av-structured-data'  itemprop=\"publisher\" itemtype=\"https:\/\/schema.org\/Organization\" itemscope=\"itemscope\" >\n\t\t\t\t\t\t<span itemprop='name'>GAS<\/span>\n\t\t\t\t\t\t<span itemprop='logo' itemscope itemtype='https:\/\/schema.org\/ImageObject'>\n\t\t\t\t\t\t\t<span itemprop='url'>http:\/\/www.gas-speleo.fr\/wp-content\/uploads\/2020\/12\/logo-gas-ffs.jpg<\/span>\n\t\t\t\t\t\t <\/span>\n\t\t\t\t<\/span><span class='av-structured-data'  itemprop=\"author\" itemscope=\"itemscope\" itemtype=\"https:\/\/schema.org\/Person\" ><span itemprop='name'>GAS<\/span><\/span><span class='av-structured-data'  itemprop=\"datePublished\" datetime=\"2020-12-17T10:32:37+01:00\" >2021-05-22 12:37:00<\/span><span class='av-structured-data'  itemprop=\"dateModified\" itemtype=\"https:\/\/schema.org\/dateModified\" >2021-05-25 12:46:22<\/span><span class='av-structured-data'  itemprop=\"mainEntityOfPage\" itemtype=\"https:\/\/schema.org\/mainEntityOfPage\" ><span itemprop='name'>Aux 3 Cloches&#8230;<\/span><\/span><\/span><\/article><article class='slide-entry flex_column  post-entry post-entry-1144 slide-entry-overview slide-loop-18 slide-parity-odd  av_one_third  real-thumbnail post-format-standard'  itemscope=\"itemscope\" itemtype=\"https:\/\/schema.org\/CreativeWork\" ><a href='https:\/\/www.gas-speleo.fr\/index.php\/2021\/05\/13\/en-falaise-avec-le-cds-32\/' data-rel='slide-1' class='slide-image' title='En falaise avec le CDS 32'><img decoding=\"async\" width=\"495\" height=\"400\" src=\"https:\/\/www.gas-speleo.fr\/wp-content\/uploads\/2021\/05\/DSCF9402-495x400.jpg\" class=\"wp-image-1145 avia-img-lazy-loading-not-1145 attachment-portfolio size-portfolio wp-post-image\" alt=\"Prise du haut de la falaise, on voit une personne a gauche sur le rocher\" srcset=\"https:\/\/www.gas-speleo.fr\/wp-content\/uploads\/2021\/05\/DSCF9402-495x400.jpg 495w, https:\/\/www.gas-speleo.fr\/wp-content\/uploads\/2021\/05\/DSCF9402-845x684.jpg 845w\" sizes=\"(max-width: 495px) 100vw, 495px\" \/><\/a><div class='slide-content'><header class=\"entry-content-header\"><span class=\"blog-categories minor-meta\"><a href=\"https:\/\/www.gas-speleo.fr\/index.php\/category\/speleo\/\" rel=\"tag\">Sp\u00e9l\u00e9o<\/a> <\/span><h3 class='slide-entry-title entry-title '  itemprop=\"headline\" ><a href='https:\/\/www.gas-speleo.fr\/index.php\/2021\/05\/13\/en-falaise-avec-le-cds-32\/' title='En falaise avec le CDS 32'>En falaise avec le CDS 32<\/a><\/h3><span class=\"av-vertical-delimiter\"><\/span><\/header><div class='slide-entry-excerpt entry-content'  itemprop=\"text\" >\n\n\n\n\n\n<\/div><\/div><footer class=\"entry-footer\"><div class='slide-meta'><time class='slide-meta-time updated'  itemprop=\"datePublished\" datetime=\"2021-05-13T11:57:51+02:00\" >13 mai 2021<\/time><\/div><\/footer><span class='hidden'>\n\t\t\t\t<span class='av-structured-data'  itemprop=\"image\" itemscope=\"itemscope\" itemtype=\"https:\/\/schema.org\/ImageObject\" >\n\t\t\t\t\t\t<span itemprop='url'>https:\/\/www.gas-speleo.fr\/wp-content\/uploads\/2021\/05\/DSCF9402-scaled.jpg<\/span>\n\t\t\t\t\t\t<span itemprop='height'>1707<\/span>\n\t\t\t\t\t\t<span itemprop='width'>2560<\/span>\n\t\t\t\t<\/span>\n\t\t\t\t<span class='av-structured-data'  itemprop=\"publisher\" itemtype=\"https:\/\/schema.org\/Organization\" itemscope=\"itemscope\" >\n\t\t\t\t\t\t<span itemprop='name'>Max<\/span>\n\t\t\t\t\t\t<span itemprop='logo' itemscope itemtype='https:\/\/schema.org\/ImageObject'>\n\t\t\t\t\t\t\t<span itemprop='url'>http:\/\/www.gas-speleo.fr\/wp-content\/uploads\/2020\/12\/logo-gas-ffs.jpg<\/span>\n\t\t\t\t\t\t <\/span>\n\t\t\t\t<\/span><span class='av-structured-data'  itemprop=\"author\" itemscope=\"itemscope\" itemtype=\"https:\/\/schema.org\/Person\" ><span itemprop='name'>Max<\/span><\/span><span class='av-structured-data'  itemprop=\"datePublished\" datetime=\"2020-12-17T10:32:37+01:00\" >2021-05-13 11:57:51<\/span><span class='av-structured-data'  itemprop=\"dateModified\" itemtype=\"https:\/\/schema.org\/dateModified\" >2021-05-13 23:02:35<\/span><span class='av-structured-data'  itemprop=\"mainEntityOfPage\" itemtype=\"https:\/\/schema.org\/mainEntityOfPage\" ><span itemprop='name'>En falaise avec le CDS 32<\/span><\/span><\/span><\/article><\/div><div class='slide-entry-wrap'><article class='slide-entry flex_column  post-entry post-entry-1083 slide-entry-overview slide-loop-19 slide-parity-odd  av_one_third first real-thumbnail post-format-standard'  itemscope=\"itemscope\" itemtype=\"https:\/\/schema.org\/CreativeWork\" ><a href='https:\/\/www.gas-speleo.fr\/index.php\/2021\/02\/08\/sentier-karstique\/' data-rel='slide-1' class='slide-image' title='Sentier Karstique'><img decoding=\"async\" width=\"495\" height=\"400\" src=\"https:\/\/www.gas-speleo.fr\/wp-content\/uploads\/2021\/02\/Sentier_Karstique-26-495x400.jpg\" class=\"wp-image-1085 avia-img-lazy-loading-not-1085 attachment-portfolio size-portfolio wp-post-image\" alt=\"Panneau sentier karstique\" srcset=\"https:\/\/www.gas-speleo.fr\/wp-content\/uploads\/2021\/02\/Sentier_Karstique-26-495x400.jpg 495w, https:\/\/www.gas-speleo.fr\/wp-content\/uploads\/2021\/02\/Sentier_Karstique-26-845x684.jpg 845w\" sizes=\"(max-width: 495px) 100vw, 495px\" \/><\/a><div class='slide-content'><header class=\"entry-content-header\"><span class=\"blog-categories minor-meta\"><a href=\"https:\/\/www.gas-speleo.fr\/index.php\/category\/divers\/\" rel=\"tag\">Divers<\/a> <\/span><h3 class='slide-entry-title entry-title '  itemprop=\"headline\" ><a href='https:\/\/www.gas-speleo.fr\/index.php\/2021\/02\/08\/sentier-karstique\/' title='Sentier Karstique'>Sentier Karstique<\/a><\/h3><span class=\"av-vertical-delimiter\"><\/span><\/header><div class='slide-entry-excerpt entry-content'  itemprop=\"text\" >\n\n\n\n\n\n\n\n\n\n<\/div><\/div><footer class=\"entry-footer\"><div class='slide-meta'><time class='slide-meta-time updated'  itemprop=\"datePublished\" datetime=\"2021-02-08T17:24:00+01:00\" >8 f\u00e9vrier 2021<\/time><\/div><\/footer><span class='hidden'>\n\t\t\t\t<span class='av-structured-data'  itemprop=\"image\" itemscope=\"itemscope\" itemtype=\"https:\/\/schema.org\/ImageObject\" >\n\t\t\t\t\t\t<span itemprop='url'>https:\/\/www.gas-speleo.fr\/wp-content\/uploads\/2021\/02\/Sentier_Karstique-26-scaled.jpg<\/span>\n\t\t\t\t\t\t<span itemprop='height'>2560<\/span>\n\t\t\t\t\t\t<span itemprop='width'>1920<\/span>\n\t\t\t\t<\/span>\n\t\t\t\t<span class='av-structured-data'  itemprop=\"publisher\" itemtype=\"https:\/\/schema.org\/Organization\" itemscope=\"itemscope\" >\n\t\t\t\t\t\t<span itemprop='name'>Max<\/span>\n\t\t\t\t\t\t<span itemprop='logo' itemscope itemtype='https:\/\/schema.org\/ImageObject'>\n\t\t\t\t\t\t\t<span itemprop='url'>http:\/\/www.gas-speleo.fr\/wp-content\/uploads\/2020\/12\/logo-gas-ffs.jpg<\/span>\n\t\t\t\t\t\t <\/span>\n\t\t\t\t<\/span><span class='av-structured-data'  itemprop=\"author\" itemscope=\"itemscope\" itemtype=\"https:\/\/schema.org\/Person\" ><span itemprop='name'>Max<\/span><\/span><span class='av-structured-data'  itemprop=\"datePublished\" datetime=\"2020-12-17T10:32:37+01:00\" >2021-02-08 17:24:00<\/span><span class='av-structured-data'  itemprop=\"dateModified\" itemtype=\"https:\/\/schema.org\/dateModified\" >2021-02-26 00:14:45<\/span><span class='av-structured-data'  itemprop=\"mainEntityOfPage\" itemtype=\"https:\/\/schema.org\/mainEntityOfPage\" ><span itemprop='name'>Sentier Karstique<\/span><\/span><\/span><\/article><article class='slide-entry flex_column  post-entry post-entry-980 slide-entry-overview slide-loop-20 slide-parity-even  av_one_third  real-thumbnail post-format-standard'  itemscope=\"itemscope\" itemtype=\"https:\/\/schema.org\/CreativeWork\" ><a href='https:\/\/www.gas-speleo.fr\/index.php\/2021\/01\/10\/lettre-du-ssf\/' data-rel='slide-1' class='slide-image' title='Lettre du SSF'><img decoding=\"async\" width=\"200\" height=\"200\" src=\"https:\/\/www.gas-speleo.fr\/wp-content\/uploads\/2020\/12\/ssf.jpg\" class=\"wp-image-835 avia-img-lazy-loading-not-835 attachment-portfolio size-portfolio wp-post-image\" alt=\"Image du SSF\" srcset=\"https:\/\/www.gas-speleo.fr\/wp-content\/uploads\/2020\/12\/ssf.jpg 200w, https:\/\/www.gas-speleo.fr\/wp-content\/uploads\/2020\/12\/ssf-80x80.jpg 80w, https:\/\/www.gas-speleo.fr\/wp-content\/uploads\/2020\/12\/ssf-36x36.jpg 36w, https:\/\/www.gas-speleo.fr\/wp-content\/uploads\/2020\/12\/ssf-180x180.jpg 180w\" sizes=\"(max-width: 200px) 100vw, 200px\" \/><\/a><div class='slide-content'><header class=\"entry-content-header\"><span class=\"blog-categories minor-meta\"><a href=\"https:\/\/www.gas-speleo.fr\/index.php\/category\/speleo\/\" rel=\"tag\">Sp\u00e9l\u00e9o<\/a>, <a href=\"https:\/\/www.gas-speleo.fr\/index.php\/category\/ssf\/\" rel=\"tag\">SSF<\/a> <\/span><h3 class='slide-entry-title entry-title '  itemprop=\"headline\" ><a href='https:\/\/www.gas-speleo.fr\/index.php\/2021\/01\/10\/lettre-du-ssf\/' title='Lettre du SSF'>Lettre du SSF<\/a><\/h3><span class=\"av-vertical-delimiter\"><\/span><\/header><div class='slide-entry-excerpt entry-content'  itemprop=\"text\" >\nLettre d'information du SSF\n\n\n\n \n\n\n\n\n\n\n\nVoici la lettre du SSF comprenant des informations importante au niveau du SSF 32.\n\n\n\nNous tenons \u00e0 remercier l'ensemble des membres pour leur implications dans les diff\u00e9rentes actions du sp\u00e9l\u00e9o \u2026<\/div><\/div><footer class=\"entry-footer\"><div class='slide-meta'><time class='slide-meta-time updated'  itemprop=\"datePublished\" datetime=\"2021-01-10T19:08:41+01:00\" >10 janvier 2021<\/time><\/div><\/footer><span class='hidden'>\n\t\t\t\t<span class='av-structured-data'  itemprop=\"image\" itemscope=\"itemscope\" itemtype=\"https:\/\/schema.org\/ImageObject\" >\n\t\t\t\t\t\t<span itemprop='url'>https:\/\/www.gas-speleo.fr\/wp-content\/uploads\/2020\/12\/ssf.jpg<\/span>\n\t\t\t\t\t\t<span itemprop='height'>200<\/span>\n\t\t\t\t\t\t<span itemprop='width'>200<\/span>\n\t\t\t\t<\/span>\n\t\t\t\t<span class='av-structured-data'  itemprop=\"publisher\" itemtype=\"https:\/\/schema.org\/Organization\" itemscope=\"itemscope\" >\n\t\t\t\t\t\t<span itemprop='name'>Max<\/span>\n\t\t\t\t\t\t<span itemprop='logo' itemscope itemtype='https:\/\/schema.org\/ImageObject'>\n\t\t\t\t\t\t\t<span itemprop='url'>http:\/\/www.gas-speleo.fr\/wp-content\/uploads\/2020\/12\/logo-gas-ffs.jpg<\/span>\n\t\t\t\t\t\t <\/span>\n\t\t\t\t<\/span><span class='av-structured-data'  itemprop=\"author\" itemscope=\"itemscope\" itemtype=\"https:\/\/schema.org\/Person\" ><span itemprop='name'>Max<\/span><\/span><span class='av-structured-data'  itemprop=\"datePublished\" datetime=\"2020-12-17T10:32:37+01:00\" >2021-01-10 19:08:41<\/span><span class='av-structured-data'  itemprop=\"dateModified\" itemtype=\"https:\/\/schema.org\/dateModified\" >2021-05-13 23:00:45<\/span><span class='av-structured-data'  itemprop=\"mainEntityOfPage\" itemtype=\"https:\/\/schema.org\/mainEntityOfPage\" ><span itemprop='name'>Lettre du SSF<\/span><\/span><\/span><\/article><article class='slide-entry flex_column  post-entry post-entry-962 slide-entry-overview slide-loop-21 slide-parity-odd  av_one_third  real-thumbnail post-format-standard'  itemscope=\"itemscope\" itemtype=\"https:\/\/schema.org\/CreativeWork\" ><a href='https:\/\/www.gas-speleo.fr\/index.php\/2021\/01\/09\/voeux-du-ssf-32\/' data-rel='slide-1' class='slide-image' title='V\u0153ux du SSF 32'><img decoding=\"async\" width=\"495\" height=\"400\" src=\"https:\/\/www.gas-speleo.fr\/wp-content\/uploads\/2021\/01\/CDV_SSF_2-495x400.png\" class=\"wp-image-914 avia-img-lazy-loading-not-914 attachment-portfolio size-portfolio wp-post-image\" alt=\"voeux du SSF 32\" srcset=\"https:\/\/www.gas-speleo.fr\/wp-content\/uploads\/2021\/01\/CDV_SSF_2-495x400.png 495w, https:\/\/www.gas-speleo.fr\/wp-content\/uploads\/2021\/01\/CDV_SSF_2-845x684.png 845w\" sizes=\"(max-width: 495px) 100vw, 495px\" \/><\/a><div class='slide-content'><header class=\"entry-content-header\"><span class=\"blog-categories minor-meta\"><a href=\"https:\/\/www.gas-speleo.fr\/index.php\/category\/speleo\/\" rel=\"tag\">Sp\u00e9l\u00e9o<\/a>, <a href=\"https:\/\/www.gas-speleo.fr\/index.php\/category\/ssf\/\" rel=\"tag\">SSF<\/a> <\/span><h3 class='slide-entry-title entry-title '  itemprop=\"headline\" ><a href='https:\/\/www.gas-speleo.fr\/index.php\/2021\/01\/09\/voeux-du-ssf-32\/' title='V\u0153ux du SSF 32'>V\u0153ux du SSF 32<\/a><\/h3><span class=\"av-vertical-delimiter\"><\/span><\/header><div class='slide-entry-excerpt entry-content'  itemprop=\"text\" >Le SSF 32 vous pr\u00e9sentent leurs v\u0153ux ainsi que la lettre du SSF<\/div><\/div><footer class=\"entry-footer\"><div class='slide-meta'><time class='slide-meta-time updated'  itemprop=\"datePublished\" datetime=\"2021-01-09T22:40:44+01:00\" >9 janvier 2021<\/time><\/div><\/footer><span class='hidden'>\n\t\t\t\t<span class='av-structured-data'  itemprop=\"image\" itemscope=\"itemscope\" itemtype=\"https:\/\/schema.org\/ImageObject\" >\n\t\t\t\t\t\t<span itemprop='url'>https:\/\/www.gas-speleo.fr\/wp-content\/uploads\/2021\/01\/CDV_SSF_2.png<\/span>\n\t\t\t\t\t\t<span itemprop='height'>1208<\/span>\n\t\t\t\t\t\t<span itemprop='width'>1208<\/span>\n\t\t\t\t<\/span>\n\t\t\t\t<span class='av-structured-data'  itemprop=\"publisher\" itemtype=\"https:\/\/schema.org\/Organization\" itemscope=\"itemscope\" >\n\t\t\t\t\t\t<span itemprop='name'>Max<\/span>\n\t\t\t\t\t\t<span itemprop='logo' itemscope itemtype='https:\/\/schema.org\/ImageObject'>\n\t\t\t\t\t\t\t<span itemprop='url'>http:\/\/www.gas-speleo.fr\/wp-content\/uploads\/2020\/12\/logo-gas-ffs.jpg<\/span>\n\t\t\t\t\t\t <\/span>\n\t\t\t\t<\/span><span class='av-structured-data'  itemprop=\"author\" itemscope=\"itemscope\" itemtype=\"https:\/\/schema.org\/Person\" ><span itemprop='name'>Max<\/span><\/span><span class='av-structured-data'  itemprop=\"datePublished\" datetime=\"2020-12-17T10:32:37+01:00\" >2021-01-09 22:40:44<\/span><span class='av-structured-data'  itemprop=\"dateModified\" itemtype=\"https:\/\/schema.org\/dateModified\" >2021-01-10 21:31:57<\/span><span class='av-structured-data'  itemprop=\"mainEntityOfPage\" itemtype=\"https:\/\/schema.org\/mainEntityOfPage\" ><span itemprop='name'>V\u0153ux du SSF 32<\/span><\/span><\/span><\/article><\/div><div class='slide-entry-wrap'><article class='slide-entry flex_column  post-entry post-entry-992 slide-entry-overview slide-loop-22 slide-parity-odd  av_one_third first real-thumbnail post-format-standard'  itemscope=\"itemscope\" itemtype=\"https:\/\/schema.org\/CreativeWork\" ><a href='https:\/\/www.gas-speleo.fr\/index.php\/2021\/01\/09\/premiere-plongee-de-lannee\/' data-rel='slide-1' class='slide-image' title='Premi\u00e8re Plong\u00e9e de l&rsquo;ann\u00e9e.'><img decoding=\"async\" width=\"495\" height=\"400\" src=\"https:\/\/www.gas-speleo.fr\/wp-content\/uploads\/2021\/01\/IMG_8573-495x400.jpg\" class=\"wp-image-998 avia-img-lazy-loading-not-998 attachment-portfolio size-portfolio wp-post-image\" alt=\"\" \/><\/a><div class='slide-content'><header class=\"entry-content-header\"><span class=\"blog-categories minor-meta\"><a href=\"https:\/\/www.gas-speleo.fr\/index.php\/category\/plongee-souterraine\/\" rel=\"tag\">Plong\u00e9e Souterraine<\/a>, <a href=\"https:\/\/www.gas-speleo.fr\/index.php\/category\/speleo\/\" rel=\"tag\">Sp\u00e9l\u00e9o<\/a> <\/span><h3 class='slide-entry-title entry-title '  itemprop=\"headline\" ><a href='https:\/\/www.gas-speleo.fr\/index.php\/2021\/01\/09\/premiere-plongee-de-lannee\/' title='Premi\u00e8re Plong\u00e9e de l&rsquo;ann\u00e9e.'>Premi\u00e8re Plong\u00e9e de l&rsquo;ann\u00e9e.<\/a><\/h3><span class=\"av-vertical-delimiter\"><\/span><\/header><div class='slide-entry-excerpt entry-content'  itemprop=\"text\" >Petite plong\u00e9e de reprise pour cette nouvelle ann\u00e9e.<\/div><\/div><footer class=\"entry-footer\"><div class='slide-meta'><time class='slide-meta-time updated'  itemprop=\"datePublished\" datetime=\"2021-01-09T09:19:00+01:00\" >9 janvier 2021<\/time><\/div><\/footer><span class='hidden'>\n\t\t\t\t<span class='av-structured-data'  itemprop=\"image\" itemscope=\"itemscope\" itemtype=\"https:\/\/schema.org\/ImageObject\" >\n\t\t\t\t\t\t<span itemprop='url'>https:\/\/www.gas-speleo.fr\/wp-content\/uploads\/2021\/01\/IMG_8573.jpg<\/span>\n\t\t\t\t\t\t<span itemprop='height'>516<\/span>\n\t\t\t\t\t\t<span itemprop='width'>688<\/span>\n\t\t\t\t<\/span>\n\t\t\t\t<span class='av-structured-data'  itemprop=\"publisher\" itemtype=\"https:\/\/schema.org\/Organization\" itemscope=\"itemscope\" >\n\t\t\t\t\t\t<span itemprop='name'>GAS<\/span>\n\t\t\t\t\t\t<span itemprop='logo' itemscope itemtype='https:\/\/schema.org\/ImageObject'>\n\t\t\t\t\t\t\t<span itemprop='url'>http:\/\/www.gas-speleo.fr\/wp-content\/uploads\/2020\/12\/logo-gas-ffs.jpg<\/span>\n\t\t\t\t\t\t <\/span>\n\t\t\t\t<\/span><span class='av-structured-data'  itemprop=\"author\" itemscope=\"itemscope\" itemtype=\"https:\/\/schema.org\/Person\" ><span itemprop='name'>GAS<\/span><\/span><span class='av-structured-data'  itemprop=\"datePublished\" datetime=\"2020-12-17T10:32:37+01:00\" >2021-01-09 09:19:00<\/span><span class='av-structured-data'  itemprop=\"dateModified\" itemtype=\"https:\/\/schema.org\/dateModified\" >2021-01-29 16:02:28<\/span><span class='av-structured-data'  itemprop=\"mainEntityOfPage\" itemtype=\"https:\/\/schema.org\/mainEntityOfPage\" ><span itemprop='name'>Premi\u00e8re Plong\u00e9e de l&rsquo;ann\u00e9e.<\/span><\/span><\/span><\/article><article class='slide-entry flex_column  post-entry post-entry-130 slide-entry-overview slide-loop-23 slide-parity-even  av_one_third  real-thumbnail post-format-standard'  itemscope=\"itemscope\" itemtype=\"https:\/\/schema.org\/CreativeWork\" ><a href='https:\/\/www.gas-speleo.fr\/index.php\/2020\/10\/12\/camps-canyon-dans-les-p-o-juillet-2020\/' data-rel='slide-1' class='slide-image' title='Camps Canyon dans les P-O &#8211; Juillet 2020'><img decoding=\"async\" width=\"495\" height=\"400\" src=\"https:\/\/www.gas-speleo.fr\/wp-content\/uploads\/2020\/10\/image_1400902_20201012_ob_d49263_llech-7140007-495x400.jpg\" class=\"wp-image-223 avia-img-lazy-loading-not-223 attachment-portfolio size-portfolio wp-post-image\" alt=\"\" srcset=\"https:\/\/www.gas-speleo.fr\/wp-content\/uploads\/2020\/10\/image_1400902_20201012_ob_d49263_llech-7140007-495x400.jpg 495w, https:\/\/www.gas-speleo.fr\/wp-content\/uploads\/2020\/10\/image_1400902_20201012_ob_d49263_llech-7140007-845x684.jpg 845w\" sizes=\"(max-width: 495px) 100vw, 495px\" \/><\/a><div class='slide-content'><header class=\"entry-content-header\"><span class=\"blog-categories minor-meta\"><a href=\"https:\/\/www.gas-speleo.fr\/index.php\/category\/canyon\/\" rel=\"tag\">Canyon<\/a> <\/span><h3 class='slide-entry-title entry-title '  itemprop=\"headline\" ><a href='https:\/\/www.gas-speleo.fr\/index.php\/2020\/10\/12\/camps-canyon-dans-les-p-o-juillet-2020\/' title='Camps Canyon dans les P-O &#8211; Juillet 2020'>Camps Canyon dans les P-O &#8211; Juillet 2020<\/a><\/h3><span class=\"av-vertical-delimiter\"><\/span><\/header><div class='slide-entry-excerpt entry-content'  itemprop=\"text\" >Camp Canyon du GAS sur une semaine !<\/div><\/div><footer class=\"entry-footer\"><div class='slide-meta'><time class='slide-meta-time updated'  itemprop=\"datePublished\" datetime=\"2020-10-12T15:21:57+02:00\" >12 octobre 2020<\/time><\/div><\/footer><span class='hidden'>\n\t\t\t\t<span class='av-structured-data'  itemprop=\"image\" itemscope=\"itemscope\" itemtype=\"https:\/\/schema.org\/ImageObject\" >\n\t\t\t\t\t\t<span itemprop='url'>https:\/\/www.gas-speleo.fr\/wp-content\/uploads\/2020\/10\/image_1400902_20201012_ob_d49263_llech-7140007.jpg<\/span>\n\t\t\t\t\t\t<span itemprop='height'>1200<\/span>\n\t\t\t\t\t\t<span itemprop='width'>1600<\/span>\n\t\t\t\t<\/span>\n\t\t\t\t<span class='av-structured-data'  itemprop=\"publisher\" itemtype=\"https:\/\/schema.org\/Organization\" itemscope=\"itemscope\" >\n\t\t\t\t\t\t<span itemprop='name'>Max<\/span>\n\t\t\t\t\t\t<span itemprop='logo' itemscope itemtype='https:\/\/schema.org\/ImageObject'>\n\t\t\t\t\t\t\t<span itemprop='url'>http:\/\/www.gas-speleo.fr\/wp-content\/uploads\/2020\/12\/logo-gas-ffs.jpg<\/span>\n\t\t\t\t\t\t <\/span>\n\t\t\t\t<\/span><span class='av-structured-data'  itemprop=\"author\" itemscope=\"itemscope\" itemtype=\"https:\/\/schema.org\/Person\" ><span itemprop='name'>Max<\/span><\/span><span class='av-structured-data'  itemprop=\"datePublished\" datetime=\"2020-12-17T10:32:37+01:00\" >2020-10-12 15:21:57<\/span><span class='av-structured-data'  itemprop=\"dateModified\" itemtype=\"https:\/\/schema.org\/dateModified\" >2020-12-17 10:06:29<\/span><span class='av-structured-data'  itemprop=\"mainEntityOfPage\" itemtype=\"https:\/\/schema.org\/mainEntityOfPage\" ><span itemprop='name'>Camps Canyon dans les P-O &#8211; Juillet 2020<\/span><\/span><\/span><\/article><article class='slide-entry flex_column  post-entry post-entry-431 slide-entry-overview slide-loop-24 slide-parity-odd  av_one_third  real-thumbnail post-format-standard'  itemscope=\"itemscope\" itemtype=\"https:\/\/schema.org\/CreativeWork\" ><a href='https:\/\/www.gas-speleo.fr\/index.php\/2020\/09\/12\/431\/' data-rel='slide-1' class='slide-image' title='Mounissette , la topo'><img decoding=\"async\" width=\"495\" height=\"400\" src=\"https:\/\/www.gas-speleo.fr\/wp-content\/uploads\/2020\/12\/gas-speleo_d117b8_mounissette-situation-495x400.jpg\" class=\"wp-image-432 avia-img-lazy-loading-not-432 attachment-portfolio size-portfolio wp-post-image\" alt=\"\" srcset=\"https:\/\/www.gas-speleo.fr\/wp-content\/uploads\/2020\/12\/gas-speleo_d117b8_mounissette-situation-495x400.jpg 495w, https:\/\/www.gas-speleo.fr\/wp-content\/uploads\/2020\/12\/gas-speleo_d117b8_mounissette-situation-845x684.jpg 845w\" sizes=\"(max-width: 495px) 100vw, 495px\" \/><\/a><div class='slide-content'><header class=\"entry-content-header\"><span class=\"blog-categories minor-meta\"><a href=\"https:\/\/www.gas-speleo.fr\/index.php\/category\/explo\/\" rel=\"tag\">Exploration<\/a>, <a href=\"https:\/\/www.gas-speleo.fr\/index.php\/category\/speleo\/\" rel=\"tag\">Sp\u00e9l\u00e9o<\/a> <\/span><h3 class='slide-entry-title entry-title '  itemprop=\"headline\" ><a href='https:\/\/www.gas-speleo.fr\/index.php\/2020\/09\/12\/431\/' title='Mounissette , la topo'>Mounissette , la topo<\/a><\/h3><span class=\"av-vertical-delimiter\"><\/span><\/header><div class='slide-entry-excerpt entry-content'  itemprop=\"text\" >327 m\u00e8tres et... Ce n'est pas fini ! La topo montre que la direction est int\u00e9ressante. La grotte se dirige vers les falaises calcaires et l'ancienne carri\u00e8re situ\u00e9e au Nord. L'aven de Lalanne est \u00e9galement dans l'axe et pourrait \u00eatre un affluent. Alors,...<\/div><\/div><footer class=\"entry-footer\"><div class='slide-meta'><time class='slide-meta-time updated'  itemprop=\"datePublished\" datetime=\"2020-09-12T10:57:00+02:00\" >12 septembre 2020<\/time><\/div><\/footer><span class='hidden'>\n\t\t\t\t<span class='av-structured-data'  itemprop=\"image\" itemscope=\"itemscope\" itemtype=\"https:\/\/schema.org\/ImageObject\" >\n\t\t\t\t\t\t<span itemprop='url'>https:\/\/www.gas-speleo.fr\/wp-content\/uploads\/2020\/12\/gas-speleo_d117b8_mounissette-situation.jpg<\/span>\n\t\t\t\t\t\t<span itemprop='height'>1252<\/span>\n\t\t\t\t\t\t<span itemprop='width'>870<\/span>\n\t\t\t\t<\/span>\n\t\t\t\t<span class='av-structured-data'  itemprop=\"publisher\" itemtype=\"https:\/\/schema.org\/Organization\" itemscope=\"itemscope\" >\n\t\t\t\t\t\t<span itemprop='name'>GAS<\/span>\n\t\t\t\t\t\t<span itemprop='logo' itemscope itemtype='https:\/\/schema.org\/ImageObject'>\n\t\t\t\t\t\t\t<span itemprop='url'>http:\/\/www.gas-speleo.fr\/wp-content\/uploads\/2020\/12\/logo-gas-ffs.jpg<\/span>\n\t\t\t\t\t\t <\/span>\n\t\t\t\t<\/span><span class='av-structured-data'  itemprop=\"author\" itemscope=\"itemscope\" itemtype=\"https:\/\/schema.org\/Person\" ><span itemprop='name'>GAS<\/span><\/span><span class='av-structured-data'  itemprop=\"datePublished\" datetime=\"2020-12-17T10:32:37+01:00\" >2020-09-12 10:57:00<\/span><span class='av-structured-data'  itemprop=\"dateModified\" itemtype=\"https:\/\/schema.org\/dateModified\" >2020-12-17 11:02:56<\/span><span class='av-structured-data'  itemprop=\"mainEntityOfPage\" itemtype=\"https:\/\/schema.org\/mainEntityOfPage\" ><span itemprop='name'>Mounissette , la topo<\/span><\/span><\/span><\/article><\/div><div class='slide-entry-wrap'><article class='slide-entry flex_column  post-entry post-entry-436 slide-entry-overview slide-loop-25 slide-parity-odd  av_one_third first real-thumbnail post-format-standard'  itemscope=\"itemscope\" itemtype=\"https:\/\/schema.org\/CreativeWork\" ><a href='https:\/\/www.gas-speleo.fr\/index.php\/2020\/09\/06\/les-tetards-a-la-mounissette\/' data-rel='slide-1' class='slide-image' title='Les t\u00e9tards \u00e0 la Mounissette'><img decoding=\"async\" width=\"495\" height=\"400\" src=\"https:\/\/www.gas-speleo.fr\/wp-content\/uploads\/2020\/12\/gas-speleo_2f9693_mounissette-11-495x400.jpg\" class=\"wp-image-437 avia-img-lazy-loading-not-437 attachment-portfolio size-portfolio wp-post-image\" alt=\"\" srcset=\"https:\/\/www.gas-speleo.fr\/wp-content\/uploads\/2020\/12\/gas-speleo_2f9693_mounissette-11-495x400.jpg 495w, https:\/\/www.gas-speleo.fr\/wp-content\/uploads\/2020\/12\/gas-speleo_2f9693_mounissette-11-845x684.jpg 845w\" sizes=\"(max-width: 495px) 100vw, 495px\" \/><\/a><div class='slide-content'><header class=\"entry-content-header\"><span class=\"blog-categories minor-meta\"><a href=\"https:\/\/www.gas-speleo.fr\/index.php\/category\/explo\/\" rel=\"tag\">Exploration<\/a>, <a href=\"https:\/\/www.gas-speleo.fr\/index.php\/category\/speleo\/\" rel=\"tag\">Sp\u00e9l\u00e9o<\/a> <\/span><h3 class='slide-entry-title entry-title '  itemprop=\"headline\" ><a href='https:\/\/www.gas-speleo.fr\/index.php\/2020\/09\/06\/les-tetards-a-la-mounissette\/' title='Les t\u00e9tards \u00e0 la Mounissette'>Les t\u00e9tards \u00e0 la Mounissette<\/a><\/h3><span class=\"av-vertical-delimiter\"><\/span><\/header><div class='slide-entry-excerpt entry-content'  itemprop=\"text\" >Thibault, Marc et Maxou ont finalement trouv\u00e9 un moment afin d'aller continuer l'explo \u00e0 la Mounissette que Thibault et Michel ont revu cet \u00e9t\u00e9. Ce coup ci nous prendrons des bouteilles car Thibault va aller voir si on peut passer le siphon. On attaque...<\/div><\/div><footer class=\"entry-footer\"><div class='slide-meta'><time class='slide-meta-time updated'  itemprop=\"datePublished\" datetime=\"2020-09-06T11:02:00+02:00\" >6 septembre 2020<\/time><\/div><\/footer><span class='hidden'>\n\t\t\t\t<span class='av-structured-data'  itemprop=\"image\" itemscope=\"itemscope\" itemtype=\"https:\/\/schema.org\/ImageObject\" >\n\t\t\t\t\t\t<span itemprop='url'>https:\/\/www.gas-speleo.fr\/wp-content\/uploads\/2020\/12\/gas-speleo_2f9693_mounissette-11.jpg<\/span>\n\t\t\t\t\t\t<span itemprop='height'>1200<\/span>\n\t\t\t\t\t\t<span itemprop='width'>1600<\/span>\n\t\t\t\t<\/span>\n\t\t\t\t<span class='av-structured-data'  itemprop=\"publisher\" itemtype=\"https:\/\/schema.org\/Organization\" itemscope=\"itemscope\" >\n\t\t\t\t\t\t<span itemprop='name'>GAS<\/span>\n\t\t\t\t\t\t<span itemprop='logo' itemscope itemtype='https:\/\/schema.org\/ImageObject'>\n\t\t\t\t\t\t\t<span itemprop='url'>http:\/\/www.gas-speleo.fr\/wp-content\/uploads\/2020\/12\/logo-gas-ffs.jpg<\/span>\n\t\t\t\t\t\t <\/span>\n\t\t\t\t<\/span><span class='av-structured-data'  itemprop=\"author\" itemscope=\"itemscope\" itemtype=\"https:\/\/schema.org\/Person\" ><span itemprop='name'>GAS<\/span><\/span><span class='av-structured-data'  itemprop=\"datePublished\" datetime=\"2020-12-17T10:32:37+01:00\" >2020-09-06 11:02:00<\/span><span class='av-structured-data'  itemprop=\"dateModified\" itemtype=\"https:\/\/schema.org\/dateModified\" >2020-12-17 11:06:22<\/span><span class='av-structured-data'  itemprop=\"mainEntityOfPage\" itemtype=\"https:\/\/schema.org\/mainEntityOfPage\" ><span itemprop='name'>Les t\u00e9tards \u00e0 la Mounissette<\/span><\/span><\/span><\/article><article class='slide-entry flex_column  post-entry post-entry-675 slide-entry-overview slide-loop-26 slide-parity-even  av_one_third  real-thumbnail post-format-standard'  itemscope=\"itemscope\" itemtype=\"https:\/\/schema.org\/CreativeWork\" ><a href='https:\/\/www.gas-speleo.fr\/index.php\/2020\/09\/05\/fete-des-sports-dauch\/' data-rel='slide-1' class='slide-image' title='F\u00eate des Sports d&rsquo;Auch'><img decoding=\"async\" width=\"495\" height=\"400\" src=\"https:\/\/www.gas-speleo.fr\/wp-content\/uploads\/2020\/12\/gas-speleo_7994-495x400.jpg\" class=\"wp-image-680 avia-img-lazy-loading-not-680 attachment-portfolio size-portfolio wp-post-image\" alt=\"\" \/><\/a><div class='slide-content'><header class=\"entry-content-header\"><span class=\"blog-categories minor-meta\"><a href=\"https:\/\/www.gas-speleo.fr\/index.php\/category\/divers\/\" rel=\"tag\">Divers<\/a> <\/span><h3 class='slide-entry-title entry-title '  itemprop=\"headline\" ><a href='https:\/\/www.gas-speleo.fr\/index.php\/2020\/09\/05\/fete-des-sports-dauch\/' title='F\u00eate des Sports d&rsquo;Auch'>F\u00eate des Sports d&rsquo;Auch<\/a><\/h3><span class=\"av-vertical-delimiter\"><\/span><\/header><div class='slide-entry-excerpt entry-content'  itemprop=\"text\" >La GAS \u00e0 la f\u00eate du Sport d'Auch !<\/div><\/div><footer class=\"entry-footer\"><div class='slide-meta'><time class='slide-meta-time updated'  itemprop=\"datePublished\" datetime=\"2020-09-05T15:32:00+02:00\" >5 septembre 2020<\/time><\/div><\/footer><span class='hidden'>\n\t\t\t\t<span class='av-structured-data'  itemprop=\"image\" itemscope=\"itemscope\" itemtype=\"https:\/\/schema.org\/ImageObject\" >\n\t\t\t\t\t\t<span itemprop='url'>https:\/\/www.gas-speleo.fr\/wp-content\/uploads\/2020\/12\/gas-speleo_7994.jpg<\/span>\n\t\t\t\t\t\t<span itemprop='height'>516<\/span>\n\t\t\t\t\t\t<span itemprop='width'>688<\/span>\n\t\t\t\t<\/span>\n\t\t\t\t<span class='av-structured-data'  itemprop=\"publisher\" itemtype=\"https:\/\/schema.org\/Organization\" itemscope=\"itemscope\" >\n\t\t\t\t\t\t<span itemprop='name'>GAS<\/span>\n\t\t\t\t\t\t<span itemprop='logo' itemscope itemtype='https:\/\/schema.org\/ImageObject'>\n\t\t\t\t\t\t\t<span itemprop='url'>http:\/\/www.gas-speleo.fr\/wp-content\/uploads\/2020\/12\/logo-gas-ffs.jpg<\/span>\n\t\t\t\t\t\t <\/span>\n\t\t\t\t<\/span><span class='av-structured-data'  itemprop=\"author\" itemscope=\"itemscope\" itemtype=\"https:\/\/schema.org\/Person\" ><span itemprop='name'>GAS<\/span><\/span><span class='av-structured-data'  itemprop=\"datePublished\" datetime=\"2020-12-17T10:32:37+01:00\" >2020-09-05 15:32:00<\/span><span class='av-structured-data'  itemprop=\"dateModified\" itemtype=\"https:\/\/schema.org\/dateModified\" >2020-12-17 15:34:16<\/span><span class='av-structured-data'  itemprop=\"mainEntityOfPage\" itemtype=\"https:\/\/schema.org\/mainEntityOfPage\" ><span itemprop='name'>F\u00eate des Sports d&rsquo;Auch<\/span><\/span><\/span><\/article><article class='slide-entry flex_column  post-entry post-entry-683 slide-entry-overview slide-loop-27 slide-parity-odd  av_one_third  real-thumbnail post-format-standard'  itemscope=\"itemscope\" itemtype=\"https:\/\/schema.org\/CreativeWork\" ><a href='https:\/\/www.gas-speleo.fr\/index.php\/2020\/08\/30\/grotte-du-pont-du-diable\/' data-rel='slide-1' class='slide-image' title='Grotte du Pont du Diable'><img decoding=\"async\" width=\"495\" height=\"400\" src=\"https:\/\/www.gas-speleo.fr\/wp-content\/uploads\/2020\/12\/gas-speleo_5991-495x400.jpg\" class=\"wp-image-693 avia-img-lazy-loading-not-693 attachment-portfolio size-portfolio wp-post-image\" alt=\"\" \/><\/a><div class='slide-content'><header class=\"entry-content-header\"><span class=\"blog-categories minor-meta\"><a href=\"https:\/\/www.gas-speleo.fr\/index.php\/category\/initiation\/\" rel=\"tag\">Initiation<\/a>, <a href=\"https:\/\/www.gas-speleo.fr\/index.php\/category\/plongee-souterraine\/\" rel=\"tag\">Plong\u00e9e Souterraine<\/a>, <a href=\"https:\/\/www.gas-speleo.fr\/index.php\/category\/speleo\/\" rel=\"tag\">Sp\u00e9l\u00e9o<\/a> <\/span><h3 class='slide-entry-title entry-title '  itemprop=\"headline\" ><a href='https:\/\/www.gas-speleo.fr\/index.php\/2020\/08\/30\/grotte-du-pont-du-diable\/' title='Grotte du Pont du Diable'>Grotte du Pont du Diable<\/a><\/h3><span class=\"av-vertical-delimiter\"><\/span><\/header><div class='slide-entry-excerpt entry-content'  itemprop=\"text\" >Initiation et plong\u00e9e sur Lannepax<\/div><\/div><footer class=\"entry-footer\"><div class='slide-meta'><time class='slide-meta-time updated'  itemprop=\"datePublished\" datetime=\"2020-08-30T15:34:00+02:00\" >30 ao\u00fbt 2020<\/time><\/div><\/footer><span class='hidden'>\n\t\t\t\t<span class='av-structured-data'  itemprop=\"image\" itemscope=\"itemscope\" itemtype=\"https:\/\/schema.org\/ImageObject\" >\n\t\t\t\t\t\t<span itemprop='url'>https:\/\/www.gas-speleo.fr\/wp-content\/uploads\/2020\/12\/gas-speleo_5991.jpg<\/span>\n\t\t\t\t\t\t<span itemprop='height'>688<\/span>\n\t\t\t\t\t\t<span itemprop='width'>516<\/span>\n\t\t\t\t<\/span>\n\t\t\t\t<span class='av-structured-data'  itemprop=\"publisher\" itemtype=\"https:\/\/schema.org\/Organization\" itemscope=\"itemscope\" >\n\t\t\t\t\t\t<span itemprop='name'>GAS<\/span>\n\t\t\t\t\t\t<span itemprop='logo' itemscope itemtype='https:\/\/schema.org\/ImageObject'>\n\t\t\t\t\t\t\t<span itemprop='url'>http:\/\/www.gas-speleo.fr\/wp-content\/uploads\/2020\/12\/logo-gas-ffs.jpg<\/span>\n\t\t\t\t\t\t <\/span>\n\t\t\t\t<\/span><span class='av-structured-data'  itemprop=\"author\" itemscope=\"itemscope\" itemtype=\"https:\/\/schema.org\/Person\" ><span itemprop='name'>GAS<\/span><\/span><span class='av-structured-data'  itemprop=\"datePublished\" datetime=\"2020-12-17T10:32:37+01:00\" >2020-08-30 15:34:00<\/span><span class='av-structured-data'  itemprop=\"dateModified\" itemtype=\"https:\/\/schema.org\/dateModified\" >2020-12-17 15:44:24<\/span><span class='av-structured-data'  itemprop=\"mainEntityOfPage\" itemtype=\"https:\/\/schema.org\/mainEntityOfPage\" ><span itemprop='name'>Grotte du Pont du Diable<\/span><\/span><\/span><\/article><\/div><div class='slide-entry-wrap'><article class='slide-entry flex_column  post-entry post-entry-576 slide-entry-overview slide-loop-28 slide-parity-odd  av_one_third first real-thumbnail post-format-standard'  itemscope=\"itemscope\" itemtype=\"https:\/\/schema.org\/CreativeWork\" ><a href='https:\/\/www.gas-speleo.fr\/index.php\/2020\/07\/30\/a-travers-la-montagne\/' data-rel='slide-1' class='slide-image' title='A travers la montagne&#8230;'><img decoding=\"async\" width=\"495\" height=\"400\" src=\"https:\/\/www.gas-speleo.fr\/wp-content\/uploads\/2020\/12\/gas-speleo_d34603_traversee-psm-9-495x400.jpg\" class=\"wp-image-578 avia-img-lazy-loading-not-578 attachment-portfolio size-portfolio wp-post-image\" alt=\"\" srcset=\"https:\/\/www.gas-speleo.fr\/wp-content\/uploads\/2020\/12\/gas-speleo_d34603_traversee-psm-9-495x400.jpg 495w, https:\/\/www.gas-speleo.fr\/wp-content\/uploads\/2020\/12\/gas-speleo_d34603_traversee-psm-9-845x684.jpg 845w\" sizes=\"(max-width: 495px) 100vw, 495px\" \/><\/a><div class='slide-content'><header class=\"entry-content-header\"><span class=\"blog-categories minor-meta\"><a href=\"https:\/\/www.gas-speleo.fr\/index.php\/category\/speleo\/\" rel=\"tag\">Sp\u00e9l\u00e9o<\/a> <\/span><h3 class='slide-entry-title entry-title '  itemprop=\"headline\" ><a href='https:\/\/www.gas-speleo.fr\/index.php\/2020\/07\/30\/a-travers-la-montagne\/' title='A travers la montagne&#8230;'>A travers la montagne&#8230;<\/a><\/h3><span class=\"av-vertical-delimiter\"><\/span><\/header><div class='slide-entry-excerpt entry-content'  itemprop=\"text\" >Travers\u00e9e de la PSM : du gouffre de la T\u00eate Sauvage jusqu'\u00e0 la salle de La Verna (sortie par le tunnel de l'EDF). R\u00e9veil 6h, toute l\u2019\u00e9quipe est l\u00e0 pour le petit d\u00e8j\u2019 au chalet : Papou, Sylvain et Guillaume qui viennent de Pau, puis Maxou et moi. On cale...<\/div><\/div><footer class=\"entry-footer\"><div class='slide-meta'><time class='slide-meta-time updated'  itemprop=\"datePublished\" datetime=\"2020-07-30T13:03:00+02:00\" >30 juillet 2020<\/time><\/div><\/footer><span class='hidden'>\n\t\t\t\t<span class='av-structured-data'  itemprop=\"image\" itemscope=\"itemscope\" itemtype=\"https:\/\/schema.org\/ImageObject\" >\n\t\t\t\t\t\t<span itemprop='url'>https:\/\/www.gas-speleo.fr\/wp-content\/uploads\/2020\/12\/gas-speleo_d34603_traversee-psm-9.jpg<\/span>\n\t\t\t\t\t\t<span itemprop='height'>1600<\/span>\n\t\t\t\t\t\t<span itemprop='width'>1200<\/span>\n\t\t\t\t<\/span>\n\t\t\t\t<span class='av-structured-data'  itemprop=\"publisher\" itemtype=\"https:\/\/schema.org\/Organization\" itemscope=\"itemscope\" >\n\t\t\t\t\t\t<span itemprop='name'>GAS<\/span>\n\t\t\t\t\t\t<span itemprop='logo' itemscope itemtype='https:\/\/schema.org\/ImageObject'>\n\t\t\t\t\t\t\t<span itemprop='url'>http:\/\/www.gas-speleo.fr\/wp-content\/uploads\/2020\/12\/logo-gas-ffs.jpg<\/span>\n\t\t\t\t\t\t <\/span>\n\t\t\t\t<\/span><span class='av-structured-data'  itemprop=\"author\" itemscope=\"itemscope\" itemtype=\"https:\/\/schema.org\/Person\" ><span itemprop='name'>GAS<\/span><\/span><span class='av-structured-data'  itemprop=\"datePublished\" datetime=\"2020-12-17T10:32:37+01:00\" >2020-07-30 13:03:00<\/span><span class='av-structured-data'  itemprop=\"dateModified\" itemtype=\"https:\/\/schema.org\/dateModified\" >2020-12-17 13:18:14<\/span><span class='av-structured-data'  itemprop=\"mainEntityOfPage\" itemtype=\"https:\/\/schema.org\/mainEntityOfPage\" ><span itemprop='name'>A travers la montagne&#8230;<\/span><\/span><\/span><\/article><article class='slide-entry flex_column  post-entry post-entry-643 slide-entry-overview slide-loop-29 slide-parity-even  av_one_third  real-thumbnail post-format-standard'  itemscope=\"itemscope\" itemtype=\"https:\/\/schema.org\/CreativeWork\" ><a href='https:\/\/www.gas-speleo.fr\/index.php\/2020\/07\/16\/le-gas-en-catalogne\/' data-rel='slide-1' class='slide-image' title='Le GAS en Catalogne'><img decoding=\"async\" width=\"495\" height=\"400\" src=\"https:\/\/www.gas-speleo.fr\/wp-content\/uploads\/2020\/12\/Capture-de\u0301cran-2020-12-17-a\u0300-14.49.07-495x400.png\" class=\"wp-image-644 avia-img-lazy-loading-not-644 attachment-portfolio size-portfolio wp-post-image\" alt=\"\" srcset=\"https:\/\/www.gas-speleo.fr\/wp-content\/uploads\/2020\/12\/Capture-de\u0301cran-2020-12-17-a\u0300-14.49.07-495x400.png 495w, https:\/\/www.gas-speleo.fr\/wp-content\/uploads\/2020\/12\/Capture-de\u0301cran-2020-12-17-a\u0300-14.49.07-845x684.png 845w\" sizes=\"(max-width: 495px) 100vw, 495px\" \/><\/a><div class='slide-content'><header class=\"entry-content-header\"><span class=\"blog-categories minor-meta\"><a href=\"https:\/\/www.gas-speleo.fr\/index.php\/category\/canyon\/\" rel=\"tag\">Canyon<\/a> <\/span><h3 class='slide-entry-title entry-title '  itemprop=\"headline\" ><a href='https:\/\/www.gas-speleo.fr\/index.php\/2020\/07\/16\/le-gas-en-catalogne\/' title='Le GAS en Catalogne'>Le GAS en Catalogne<\/a><\/h3><span class=\"av-vertical-delimiter\"><\/span><\/header><div class='slide-entry-excerpt entry-content'  itemprop=\"text\" >Les canyons de Baoussous et du Llech avec le Groupe Auscitain de Sp\u00e9l\u00e9ologie<\/div><\/div><footer class=\"entry-footer\"><div class='slide-meta'><time class='slide-meta-time updated'  itemprop=\"datePublished\" datetime=\"2020-07-16T14:47:00+02:00\" >16 juillet 2020<\/time><\/div><\/footer><span class='hidden'>\n\t\t\t\t<span class='av-structured-data'  itemprop=\"image\" itemscope=\"itemscope\" itemtype=\"https:\/\/schema.org\/ImageObject\" >\n\t\t\t\t\t\t<span itemprop='url'>https:\/\/www.gas-speleo.fr\/wp-content\/uploads\/2020\/12\/Capture-de\u0301cran-2020-12-17-a\u0300-14.49.07.png<\/span>\n\t\t\t\t\t\t<span itemprop='height'>926<\/span>\n\t\t\t\t\t\t<span itemprop='width'>1640<\/span>\n\t\t\t\t<\/span>\n\t\t\t\t<span class='av-structured-data'  itemprop=\"publisher\" itemtype=\"https:\/\/schema.org\/Organization\" itemscope=\"itemscope\" >\n\t\t\t\t\t\t<span itemprop='name'>GAS<\/span>\n\t\t\t\t\t\t<span itemprop='logo' itemscope itemtype='https:\/\/schema.org\/ImageObject'>\n\t\t\t\t\t\t\t<span itemprop='url'>http:\/\/www.gas-speleo.fr\/wp-content\/uploads\/2020\/12\/logo-gas-ffs.jpg<\/span>\n\t\t\t\t\t\t <\/span>\n\t\t\t\t<\/span><span class='av-structured-data'  itemprop=\"author\" itemscope=\"itemscope\" itemtype=\"https:\/\/schema.org\/Person\" ><span itemprop='name'>GAS<\/span><\/span><span class='av-structured-data'  itemprop=\"datePublished\" datetime=\"2020-12-17T10:32:37+01:00\" >2020-07-16 14:47:00<\/span><span class='av-structured-data'  itemprop=\"dateModified\" itemtype=\"https:\/\/schema.org\/dateModified\" >2020-12-17 14:50:06<\/span><span class='av-structured-data'  itemprop=\"mainEntityOfPage\" itemtype=\"https:\/\/schema.org\/mainEntityOfPage\" ><span itemprop='name'>Le GAS en Catalogne<\/span><\/span><\/span><\/article><article class='slide-entry flex_column  post-entry post-entry-707 slide-entry-overview slide-loop-30 slide-parity-odd  av_one_third  real-thumbnail post-format-standard'  itemscope=\"itemscope\" itemtype=\"https:\/\/schema.org\/CreativeWork\" ><a href='https:\/\/www.gas-speleo.fr\/index.php\/2020\/06\/13\/deconfinement-a-la-mounissette\/' data-rel='slide-1' class='slide-image' title='D\u00e9confinement \u00e0 la Mounissette'><img decoding=\"async\" width=\"495\" height=\"400\" src=\"https:\/\/www.gas-speleo.fr\/wp-content\/uploads\/2020\/12\/gas-speleo_d27245_104432755-3312341355484850-59966273728-495x400.jpg\" class=\"wp-image-713 avia-img-lazy-loading-not-713 attachment-portfolio size-portfolio wp-post-image\" alt=\"\" srcset=\"https:\/\/www.gas-speleo.fr\/wp-content\/uploads\/2020\/12\/gas-speleo_d27245_104432755-3312341355484850-59966273728-495x400.jpg 495w, https:\/\/www.gas-speleo.fr\/wp-content\/uploads\/2020\/12\/gas-speleo_d27245_104432755-3312341355484850-59966273728-845x684.jpg 845w\" sizes=\"(max-width: 495px) 100vw, 495px\" \/><\/a><div class='slide-content'><header class=\"entry-content-header\"><span class=\"blog-categories minor-meta\"><a href=\"https:\/\/www.gas-speleo.fr\/index.php\/category\/speleo\/\" rel=\"tag\">Sp\u00e9l\u00e9o<\/a> <\/span><h3 class='slide-entry-title entry-title '  itemprop=\"headline\" ><a href='https:\/\/www.gas-speleo.fr\/index.php\/2020\/06\/13\/deconfinement-a-la-mounissette\/' title='D\u00e9confinement \u00e0 la Mounissette'>D\u00e9confinement \u00e0 la Mounissette<\/a><\/h3><span class=\"av-vertical-delimiter\"><\/span><\/header><div class='slide-entry-excerpt entry-content'  itemprop=\"text\" >Petite sortie du samedi \u00e0 l'Exurgence de la Mounissette...<\/div><\/div><footer class=\"entry-footer\"><div class='slide-meta'><time class='slide-meta-time updated'  itemprop=\"datePublished\" datetime=\"2020-06-13T15:55:00+02:00\" >13 juin 2020<\/time><\/div><\/footer><span class='hidden'>\n\t\t\t\t<span class='av-structured-data'  itemprop=\"image\" itemscope=\"itemscope\" itemtype=\"https:\/\/schema.org\/ImageObject\" >\n\t\t\t\t\t\t<span itemprop='url'>https:\/\/www.gas-speleo.fr\/wp-content\/uploads\/2020\/12\/gas-speleo_d27245_104432755-3312341355484850-59966273728.jpg<\/span>\n\t\t\t\t\t\t<span itemprop='height'>1200<\/span>\n\t\t\t\t\t\t<span itemprop='width'>1600<\/span>\n\t\t\t\t<\/span>\n\t\t\t\t<span class='av-structured-data'  itemprop=\"publisher\" itemtype=\"https:\/\/schema.org\/Organization\" itemscope=\"itemscope\" >\n\t\t\t\t\t\t<span itemprop='name'>GAS<\/span>\n\t\t\t\t\t\t<span itemprop='logo' itemscope itemtype='https:\/\/schema.org\/ImageObject'>\n\t\t\t\t\t\t\t<span itemprop='url'>http:\/\/www.gas-speleo.fr\/wp-content\/uploads\/2020\/12\/logo-gas-ffs.jpg<\/span>\n\t\t\t\t\t\t <\/span>\n\t\t\t\t<\/span><span class='av-structured-data'  itemprop=\"author\" itemscope=\"itemscope\" itemtype=\"https:\/\/schema.org\/Person\" ><span itemprop='name'>GAS<\/span><\/span><span class='av-structured-data'  itemprop=\"datePublished\" datetime=\"2020-12-17T10:32:37+01:00\" >2020-06-13 15:55:00<\/span><span class='av-structured-data'  itemprop=\"dateModified\" itemtype=\"https:\/\/schema.org\/dateModified\" >2020-12-17 16:01:21<\/span><span class='av-structured-data'  itemprop=\"mainEntityOfPage\" itemtype=\"https:\/\/schema.org\/mainEntityOfPage\" ><span itemprop='name'>D\u00e9confinement \u00e0 la Mounissette<\/span><\/span><\/span><\/article><\/div><div class='slide-entry-wrap'><article class='slide-entry flex_column  post-entry post-entry-523 slide-entry-overview slide-loop-31 slide-parity-odd  av_one_third first real-thumbnail post-format-standard'  itemscope=\"itemscope\" itemtype=\"https:\/\/schema.org\/CreativeWork\" ><a href='https:\/\/www.gas-speleo.fr\/index.php\/2020\/05\/21\/plongee-a-cregols-dans-le-lot\/' data-rel='slide-1' class='slide-image' title='Plong\u00e9e \u00e0 Cr\u00e9gols dans le lot'><img decoding=\"async\" width=\"495\" height=\"400\" src=\"https:\/\/www.gas-speleo.fr\/wp-content\/uploads\/2020\/12\/cregols_gas-495x400.png\" class=\"wp-image-524 avia-img-lazy-loading-not-524 attachment-portfolio size-portfolio wp-post-image\" alt=\"\" srcset=\"https:\/\/www.gas-speleo.fr\/wp-content\/uploads\/2020\/12\/cregols_gas-495x400.png 495w, https:\/\/www.gas-speleo.fr\/wp-content\/uploads\/2020\/12\/cregols_gas-845x684.png 845w\" sizes=\"(max-width: 495px) 100vw, 495px\" \/><\/a><div class='slide-content'><header class=\"entry-content-header\"><span class=\"blog-categories minor-meta\"><a href=\"https:\/\/www.gas-speleo.fr\/index.php\/category\/plongee-souterraine\/\" rel=\"tag\">Plong\u00e9e Souterraine<\/a>, <a href=\"https:\/\/www.gas-speleo.fr\/index.php\/category\/speleo\/\" rel=\"tag\">Sp\u00e9l\u00e9o<\/a> <\/span><h3 class='slide-entry-title entry-title '  itemprop=\"headline\" ><a href='https:\/\/www.gas-speleo.fr\/index.php\/2020\/05\/21\/plongee-a-cregols-dans-le-lot\/' title='Plong\u00e9e \u00e0 Cr\u00e9gols dans le lot'>Plong\u00e9e \u00e0 Cr\u00e9gols dans le lot<\/a><\/h3><span class=\"av-vertical-delimiter\"><\/span><\/header><div class='slide-entry-excerpt entry-content'  itemprop=\"text\" >Plong\u00e9e \u00e0 Cr\u00e9gols dans le Lot avec Thibault, Arthur et Michel.<\/div><\/div><footer class=\"entry-footer\"><div class='slide-meta'><time class='slide-meta-time updated'  itemprop=\"datePublished\" datetime=\"2020-05-21T12:30:59+02:00\" >21 mai 2020<\/time><\/div><\/footer><span class='hidden'>\n\t\t\t\t<span class='av-structured-data'  itemprop=\"image\" itemscope=\"itemscope\" itemtype=\"https:\/\/schema.org\/ImageObject\" >\n\t\t\t\t\t\t<span itemprop='url'>https:\/\/www.gas-speleo.fr\/wp-content\/uploads\/2020\/12\/cregols_gas.png<\/span>\n\t\t\t\t\t\t<span itemprop='height'>906<\/span>\n\t\t\t\t\t\t<span itemprop='width'>1881<\/span>\n\t\t\t\t<\/span>\n\t\t\t\t<span class='av-structured-data'  itemprop=\"publisher\" itemtype=\"https:\/\/schema.org\/Organization\" itemscope=\"itemscope\" >\n\t\t\t\t\t\t<span itemprop='name'>GAS<\/span>\n\t\t\t\t\t\t<span itemprop='logo' itemscope itemtype='https:\/\/schema.org\/ImageObject'>\n\t\t\t\t\t\t\t<span itemprop='url'>http:\/\/www.gas-speleo.fr\/wp-content\/uploads\/2020\/12\/logo-gas-ffs.jpg<\/span>\n\t\t\t\t\t\t <\/span>\n\t\t\t\t<\/span><span class='av-structured-data'  itemprop=\"author\" itemscope=\"itemscope\" itemtype=\"https:\/\/schema.org\/Person\" ><span itemprop='name'>GAS<\/span><\/span><span class='av-structured-data'  itemprop=\"datePublished\" datetime=\"2020-12-17T10:32:37+01:00\" >2020-05-21 12:30:59<\/span><span class='av-structured-data'  itemprop=\"dateModified\" itemtype=\"https:\/\/schema.org\/dateModified\" >2020-12-17 13:02:25<\/span><span class='av-structured-data'  itemprop=\"mainEntityOfPage\" itemtype=\"https:\/\/schema.org\/mainEntityOfPage\" ><span itemprop='name'>Plong\u00e9e \u00e0 Cr\u00e9gols dans le lot<\/span><\/span><\/span><\/article><article class='slide-entry flex_column  post-entry post-entry-527 slide-entry-overview slide-loop-32 slide-parity-even  av_one_third  real-thumbnail post-format-standard'  itemscope=\"itemscope\" itemtype=\"https:\/\/schema.org\/CreativeWork\" ><a href='https:\/\/www.gas-speleo.fr\/index.php\/2020\/05\/16\/plongee-de-deconfinement-au-ressel\/' data-rel='slide-1' class='slide-image' title='Plong\u00e9e de d\u00e9confinement au Ressel'><img decoding=\"async\" width=\"495\" height=\"400\" src=\"https:\/\/www.gas-speleo.fr\/wp-content\/uploads\/2020\/12\/ressel_gas-495x400.png\" class=\"wp-image-528 avia-img-lazy-loading-not-528 attachment-portfolio size-portfolio wp-post-image\" alt=\"\" srcset=\"https:\/\/www.gas-speleo.fr\/wp-content\/uploads\/2020\/12\/ressel_gas-495x400.png 495w, https:\/\/www.gas-speleo.fr\/wp-content\/uploads\/2020\/12\/ressel_gas-845x684.png 845w\" sizes=\"(max-width: 495px) 100vw, 495px\" \/><\/a><div class='slide-content'><header class=\"entry-content-header\"><span class=\"blog-categories minor-meta\"><a href=\"https:\/\/www.gas-speleo.fr\/index.php\/category\/plongee-souterraine\/\" rel=\"tag\">Plong\u00e9e Souterraine<\/a>, <a href=\"https:\/\/www.gas-speleo.fr\/index.php\/category\/speleo\/\" rel=\"tag\">Sp\u00e9l\u00e9o<\/a> <\/span><h3 class='slide-entry-title entry-title '  itemprop=\"headline\" ><a href='https:\/\/www.gas-speleo.fr\/index.php\/2020\/05\/16\/plongee-de-deconfinement-au-ressel\/' title='Plong\u00e9e de d\u00e9confinement au Ressel'>Plong\u00e9e de d\u00e9confinement au Ressel<\/a><\/h3><span class=\"av-vertical-delimiter\"><\/span><\/header><div class='slide-entry-excerpt entry-content'  itemprop=\"text\" >Plong\u00e9e au Ressel apr\u00e8s le d\u00e9confinement.<\/div><\/div><footer class=\"entry-footer\"><div class='slide-meta'><time class='slide-meta-time updated'  itemprop=\"datePublished\" datetime=\"2020-05-16T12:32:00+02:00\" >16 mai 2020<\/time><\/div><\/footer><span class='hidden'>\n\t\t\t\t<span class='av-structured-data'  itemprop=\"image\" itemscope=\"itemscope\" itemtype=\"https:\/\/schema.org\/ImageObject\" >\n\t\t\t\t\t\t<span itemprop='url'>https:\/\/www.gas-speleo.fr\/wp-content\/uploads\/2020\/12\/ressel_gas.png<\/span>\n\t\t\t\t\t\t<span itemprop='height'>865<\/span>\n\t\t\t\t\t\t<span itemprop='width'>1863<\/span>\n\t\t\t\t<\/span>\n\t\t\t\t<span class='av-structured-data'  itemprop=\"publisher\" itemtype=\"https:\/\/schema.org\/Organization\" itemscope=\"itemscope\" >\n\t\t\t\t\t\t<span itemprop='name'>GAS<\/span>\n\t\t\t\t\t\t<span itemprop='logo' itemscope itemtype='https:\/\/schema.org\/ImageObject'>\n\t\t\t\t\t\t\t<span itemprop='url'>http:\/\/www.gas-speleo.fr\/wp-content\/uploads\/2020\/12\/logo-gas-ffs.jpg<\/span>\n\t\t\t\t\t\t <\/span>\n\t\t\t\t<\/span><span class='av-structured-data'  itemprop=\"author\" itemscope=\"itemscope\" itemtype=\"https:\/\/schema.org\/Person\" ><span itemprop='name'>GAS<\/span><\/span><span class='av-structured-data'  itemprop=\"datePublished\" datetime=\"2020-12-17T10:32:37+01:00\" >2020-05-16 12:32:00<\/span><span class='av-structured-data'  itemprop=\"dateModified\" itemtype=\"https:\/\/schema.org\/dateModified\" >2020-12-17 13:02:35<\/span><span class='av-structured-data'  itemprop=\"mainEntityOfPage\" itemtype=\"https:\/\/schema.org\/mainEntityOfPage\" ><span itemprop='name'>Plong\u00e9e de d\u00e9confinement au Ressel<\/span><\/span><\/span><\/article><article class='slide-entry flex_column  post-entry post-entry-757 slide-entry-overview slide-loop-33 slide-parity-odd  av_one_third  real-thumbnail post-format-standard'  itemscope=\"itemscope\" itemtype=\"https:\/\/schema.org\/CreativeWork\" ><a href='https:\/\/www.gas-speleo.fr\/index.php\/2020\/02\/24\/hommage-a-daniel\/' data-rel='slide-1' class='slide-image' title='Hommage \u00e0 Daniel'><img decoding=\"async\" width=\"495\" height=\"400\" src=\"https:\/\/www.gas-speleo.fr\/wp-content\/uploads\/2020\/12\/gas-speleo_07854a_daniel-1-0001-495x400.jpg\" class=\"wp-image-759 avia-img-lazy-loading-not-759 attachment-portfolio size-portfolio wp-post-image\" alt=\"\" \/><\/a><div class='slide-content'><header class=\"entry-content-header\"><span class=\"blog-categories minor-meta\"><a href=\"https:\/\/www.gas-speleo.fr\/index.php\/category\/divers\/\" rel=\"tag\">Divers<\/a> <\/span><h3 class='slide-entry-title entry-title '  itemprop=\"headline\" ><a href='https:\/\/www.gas-speleo.fr\/index.php\/2020\/02\/24\/hommage-a-daniel\/' title='Hommage \u00e0 Daniel'>Hommage \u00e0 Daniel<\/a><\/h3><span class=\"av-vertical-delimiter\"><\/span><\/header><div class='slide-entry-excerpt entry-content'  itemprop=\"text\" >La journ\u00e9e s\u2019annonce magnifique, le temps est superbe, le soleil dont la chaleur ti\u00e8de nous r\u00e9chauffe timidement est d\u00e9j\u00e0 \u00e9blouissant en cette matin\u00e9e de mi-f\u00e9vrier. Atmosph\u00e8re presque printani\u00e8re, par-ci par-l\u00e0...<\/div><\/div><footer class=\"entry-footer\"><div class='slide-meta'><time class='slide-meta-time updated'  itemprop=\"datePublished\" datetime=\"2020-02-24T16:26:00+01:00\" >24 f\u00e9vrier 2020<\/time><\/div><\/footer><span class='hidden'>\n\t\t\t\t<span class='av-structured-data'  itemprop=\"image\" itemscope=\"itemscope\" itemtype=\"https:\/\/schema.org\/ImageObject\" >\n\t\t\t\t\t\t<span itemprop='url'>https:\/\/www.gas-speleo.fr\/wp-content\/uploads\/2020\/12\/gas-speleo_07854a_daniel-1-0001.jpg<\/span>\n\t\t\t\t\t\t<span itemprop='height'>1164<\/span>\n\t\t\t\t\t\t<span itemprop='width'>783<\/span>\n\t\t\t\t<\/span>\n\t\t\t\t<span class='av-structured-data'  itemprop=\"publisher\" itemtype=\"https:\/\/schema.org\/Organization\" itemscope=\"itemscope\" >\n\t\t\t\t\t\t<span itemprop='name'>GAS<\/span>\n\t\t\t\t\t\t<span itemprop='logo' itemscope itemtype='https:\/\/schema.org\/ImageObject'>\n\t\t\t\t\t\t\t<span itemprop='url'>http:\/\/www.gas-speleo.fr\/wp-content\/uploads\/2020\/12\/logo-gas-ffs.jpg<\/span>\n\t\t\t\t\t\t <\/span>\n\t\t\t\t<\/span><span class='av-structured-data'  itemprop=\"author\" itemscope=\"itemscope\" itemtype=\"https:\/\/schema.org\/Person\" ><span itemprop='name'>GAS<\/span><\/span><span class='av-structured-data'  itemprop=\"datePublished\" datetime=\"2020-12-17T10:32:37+01:00\" >2020-02-24 16:26:00<\/span><span class='av-structured-data'  itemprop=\"dateModified\" itemtype=\"https:\/\/schema.org\/dateModified\" >2020-12-17 16:29:45<\/span><span class='av-structured-data'  itemprop=\"mainEntityOfPage\" itemtype=\"https:\/\/schema.org\/mainEntityOfPage\" ><span itemprop='name'>Hommage \u00e0 Daniel<\/span><\/span><\/span><\/article><\/div><div class='slide-entry-wrap'><article class='slide-entry flex_column  post-entry post-entry-761 slide-entry-overview slide-loop-34 slide-parity-odd  av_one_third first real-thumbnail post-format-standard'  itemscope=\"itemscope\" itemtype=\"https:\/\/schema.org\/CreativeWork\" ><a href='https:\/\/www.gas-speleo.fr\/index.php\/2020\/02\/20\/gouffre-de-cavet-blanc\/' data-rel='slide-1' class='slide-image' title='Gouffre de CAVET BLANC'><img decoding=\"async\" width=\"495\" height=\"400\" src=\"https:\/\/www.gas-speleo.fr\/wp-content\/uploads\/2020\/12\/gas-speleo_356b82_le-matin-495x400.jpg\" class=\"wp-image-762 avia-img-lazy-loading-not-762 attachment-portfolio size-portfolio wp-post-image\" alt=\"\" srcset=\"https:\/\/www.gas-speleo.fr\/wp-content\/uploads\/2020\/12\/gas-speleo_356b82_le-matin-495x400.jpg 495w, https:\/\/www.gas-speleo.fr\/wp-content\/uploads\/2020\/12\/gas-speleo_356b82_le-matin-845x684.jpg 845w\" sizes=\"(max-width: 495px) 100vw, 495px\" \/><\/a><div class='slide-content'><header class=\"entry-content-header\"><span class=\"blog-categories minor-meta\"><a href=\"https:\/\/www.gas-speleo.fr\/index.php\/category\/speleo\/\" rel=\"tag\">Sp\u00e9l\u00e9o<\/a> <\/span><h3 class='slide-entry-title entry-title '  itemprop=\"headline\" ><a href='https:\/\/www.gas-speleo.fr\/index.php\/2020\/02\/20\/gouffre-de-cavet-blanc\/' title='Gouffre de CAVET BLANC'>Gouffre de CAVET BLANC<\/a><\/h3><span class=\"av-vertical-delimiter\"><\/span><\/header><div class='slide-entry-excerpt entry-content'  itemprop=\"text\" >Le matin. Quel chantier? Le grand d\u00e9broussaillage de printemps Cette cavit\u00e9 majeure du d\u00e9partement pour sa profondeur, \u00e9tait enti\u00e8rement envahie par d'\u00e9paisses broussailles qui n'en permettaient plus son approche. Vu le beau temps qui r\u00e8gne sur la Gascogne...<\/div><\/div><footer class=\"entry-footer\"><div class='slide-meta'><time class='slide-meta-time updated'  itemprop=\"datePublished\" datetime=\"2020-02-20T16:29:00+01:00\" >20 f\u00e9vrier 2020<\/time><\/div><\/footer><span class='hidden'>\n\t\t\t\t<span class='av-structured-data'  itemprop=\"image\" itemscope=\"itemscope\" itemtype=\"https:\/\/schema.org\/ImageObject\" >\n\t\t\t\t\t\t<span itemprop='url'>https:\/\/www.gas-speleo.fr\/wp-content\/uploads\/2020\/12\/gas-speleo_356b82_le-matin.jpg<\/span>\n\t\t\t\t\t\t<span itemprop='height'>778<\/span>\n\t\t\t\t\t\t<span itemprop='width'>1600<\/span>\n\t\t\t\t<\/span>\n\t\t\t\t<span class='av-structured-data'  itemprop=\"publisher\" itemtype=\"https:\/\/schema.org\/Organization\" itemscope=\"itemscope\" >\n\t\t\t\t\t\t<span itemprop='name'>GAS<\/span>\n\t\t\t\t\t\t<span itemprop='logo' itemscope itemtype='https:\/\/schema.org\/ImageObject'>\n\t\t\t\t\t\t\t<span itemprop='url'>http:\/\/www.gas-speleo.fr\/wp-content\/uploads\/2020\/12\/logo-gas-ffs.jpg<\/span>\n\t\t\t\t\t\t <\/span>\n\t\t\t\t<\/span><span class='av-structured-data'  itemprop=\"author\" itemscope=\"itemscope\" itemtype=\"https:\/\/schema.org\/Person\" ><span itemprop='name'>GAS<\/span><\/span><span class='av-structured-data'  itemprop=\"datePublished\" datetime=\"2020-12-17T10:32:37+01:00\" >2020-02-20 16:29:00<\/span><span class='av-structured-data'  itemprop=\"dateModified\" itemtype=\"https:\/\/schema.org\/dateModified\" >2020-12-17 16:37:37<\/span><span class='av-structured-data'  itemprop=\"mainEntityOfPage\" itemtype=\"https:\/\/schema.org\/mainEntityOfPage\" ><span itemprop='name'>Gouffre de CAVET BLANC<\/span><\/span><\/span><\/article><article class='slide-entry flex_column  post-entry post-entry-795 slide-entry-overview slide-loop-35 slide-parity-even  av_one_third  real-thumbnail post-format-standard'  itemscope=\"itemscope\" itemtype=\"https:\/\/schema.org\/CreativeWork\" ><a href='https:\/\/www.gas-speleo.fr\/index.php\/2020\/02\/03\/sophie-patronne-du-comite-departemental-de-speleologie-du-gers\/' data-rel='slide-1' class='slide-image' title='Sophie, patronne du Comit\u00e9 D\u00e9partemental de Sp\u00e9l\u00e9ologie du Gers'><img decoding=\"async\" width=\"495\" height=\"400\" src=\"https:\/\/www.gas-speleo.fr\/wp-content\/uploads\/2020\/12\/gas-speleo_5dfe11_cds1-1-sur-1-495x400.jpg\" class=\"wp-image-796 avia-img-lazy-loading-not-796 attachment-portfolio size-portfolio wp-post-image\" alt=\"\" srcset=\"https:\/\/www.gas-speleo.fr\/wp-content\/uploads\/2020\/12\/gas-speleo_5dfe11_cds1-1-sur-1-495x400.jpg 495w, https:\/\/www.gas-speleo.fr\/wp-content\/uploads\/2020\/12\/gas-speleo_5dfe11_cds1-1-sur-1-845x684.jpg 845w\" sizes=\"(max-width: 495px) 100vw, 495px\" \/><\/a><div class='slide-content'><header class=\"entry-content-header\"><span class=\"blog-categories minor-meta\"><a href=\"https:\/\/www.gas-speleo.fr\/index.php\/category\/divers\/\" rel=\"tag\">Divers<\/a> <\/span><h3 class='slide-entry-title entry-title '  itemprop=\"headline\" ><a href='https:\/\/www.gas-speleo.fr\/index.php\/2020\/02\/03\/sophie-patronne-du-comite-departemental-de-speleologie-du-gers\/' title='Sophie, patronne du Comit\u00e9 D\u00e9partemental de Sp\u00e9l\u00e9ologie du Gers'>Sophie, patronne du Comit\u00e9 D\u00e9partemental de Sp\u00e9l\u00e9ologie du Gers<\/a><\/h3><span class=\"av-vertical-delimiter\"><\/span><\/header><div class='slide-entry-excerpt entry-content'  itemprop=\"text\" >L'Assembl\u00e9e G\u00e9n\u00e9rale du CDS 32 s'est tenue Samedi \u00e0 La Romieu en pr\u00e9sence de Monsieur le Maire et de son premier adjoint. Les \u00e9lections ont d\u00e9sign\u00e9 Sophie comme Pr\u00e9sidente (la premi\u00e8re f\u00e9minine dans l'histoire de la Sp\u00e9l\u00e9o gersoise), Marc comme Tr\u00e9sorier...<\/div><\/div><footer class=\"entry-footer\"><div class='slide-meta'><time class='slide-meta-time updated'  itemprop=\"datePublished\" datetime=\"2020-02-03T16:48:00+01:00\" >3 f\u00e9vrier 2020<\/time><\/div><\/footer><span class='hidden'>\n\t\t\t\t<span class='av-structured-data'  itemprop=\"image\" itemscope=\"itemscope\" itemtype=\"https:\/\/schema.org\/ImageObject\" >\n\t\t\t\t\t\t<span itemprop='url'>https:\/\/www.gas-speleo.fr\/wp-content\/uploads\/2020\/12\/gas-speleo_5dfe11_cds1-1-sur-1.jpg<\/span>\n\t\t\t\t\t\t<span itemprop='height'>870<\/span>\n\t\t\t\t\t\t<span itemprop='width'>1600<\/span>\n\t\t\t\t<\/span>\n\t\t\t\t<span class='av-structured-data'  itemprop=\"publisher\" itemtype=\"https:\/\/schema.org\/Organization\" itemscope=\"itemscope\" >\n\t\t\t\t\t\t<span itemprop='name'>GAS<\/span>\n\t\t\t\t\t\t<span itemprop='logo' itemscope itemtype='https:\/\/schema.org\/ImageObject'>\n\t\t\t\t\t\t\t<span itemprop='url'>http:\/\/www.gas-speleo.fr\/wp-content\/uploads\/2020\/12\/logo-gas-ffs.jpg<\/span>\n\t\t\t\t\t\t <\/span>\n\t\t\t\t<\/span><span class='av-structured-data'  itemprop=\"author\" itemscope=\"itemscope\" itemtype=\"https:\/\/schema.org\/Person\" ><span itemprop='name'>GAS<\/span><\/span><span class='av-structured-data'  itemprop=\"datePublished\" datetime=\"2020-12-17T10:32:37+01:00\" >2020-02-03 16:48:00<\/span><span class='av-structured-data'  itemprop=\"dateModified\" itemtype=\"https:\/\/schema.org\/dateModified\" >2020-12-17 16:50:35<\/span><span class='av-structured-data'  itemprop=\"mainEntityOfPage\" itemtype=\"https:\/\/schema.org\/mainEntityOfPage\" ><span itemprop='name'>Sophie, patronne du Comit\u00e9 D\u00e9partemental de Sp\u00e9l\u00e9ologie du Gers<\/span><\/span><\/span><\/article><article class='slide-entry flex_column  post-entry post-entry-647 slide-entry-overview slide-loop-36 slide-parity-odd  av_one_third  real-thumbnail post-format-standard'  itemscope=\"itemscope\" itemtype=\"https:\/\/schema.org\/CreativeWork\" ><a href='https:\/\/www.gas-speleo.fr\/index.php\/2019\/11\/18\/exercice-secours-regionnal-a-themines\/' data-rel='slide-1' class='slide-image' title='Exercice secours r\u00e9gionnal \u00e0 Th\u00e9mines'><img decoding=\"async\" width=\"495\" height=\"400\" src=\"https:\/\/www.gas-speleo.fr\/wp-content\/uploads\/2020\/12\/SFF_32-495x400.png\" class=\"wp-image-648 avia-img-lazy-loading-not-648 attachment-portfolio size-portfolio wp-post-image\" alt=\"\" \/><\/a><div class='slide-content'><header class=\"entry-content-header\"><span class=\"blog-categories minor-meta\"><a href=\"https:\/\/www.gas-speleo.fr\/index.php\/category\/ssf\/\" rel=\"tag\">SSF<\/a> <\/span><h3 class='slide-entry-title entry-title '  itemprop=\"headline\" ><a href='https:\/\/www.gas-speleo.fr\/index.php\/2019\/11\/18\/exercice-secours-regionnal-a-themines\/' title='Exercice secours r\u00e9gionnal \u00e0 Th\u00e9mines'>Exercice secours r\u00e9gionnal \u00e0 Th\u00e9mines<\/a><\/h3><span class=\"av-vertical-delimiter\"><\/span><\/header><div class='slide-entry-excerpt entry-content'  itemprop=\"text\" >Une fois par an, un exercice de secours grandeur nature est organis\u00e9 au gouffre des Vitarelles, dans le Lot. En 1999, sept sp\u00e9l\u00e9ologues, surpris par la mont\u00e9e des eaux, y \u00e9taient rest\u00e9s coinc\u00e9s durant dix jours.<\/div><\/div><footer class=\"entry-footer\"><div class='slide-meta'><time class='slide-meta-time updated'  itemprop=\"datePublished\" datetime=\"2019-11-18T14:51:00+01:00\" >18 novembre 2019<\/time><\/div><\/footer><span class='hidden'>\n\t\t\t\t<span class='av-structured-data'  itemprop=\"image\" itemscope=\"itemscope\" itemtype=\"https:\/\/schema.org\/ImageObject\" >\n\t\t\t\t\t\t<span itemprop='url'>https:\/\/www.gas-speleo.fr\/wp-content\/uploads\/2020\/12\/SFF_32.png<\/span>\n\t\t\t\t\t\t<span itemprop='height'>484<\/span>\n\t\t\t\t\t\t<span itemprop='width'>637<\/span>\n\t\t\t\t<\/span>\n\t\t\t\t<span class='av-structured-data'  itemprop=\"publisher\" itemtype=\"https:\/\/schema.org\/Organization\" itemscope=\"itemscope\" >\n\t\t\t\t\t\t<span itemprop='name'>GAS<\/span>\n\t\t\t\t\t\t<span itemprop='logo' itemscope itemtype='https:\/\/schema.org\/ImageObject'>\n\t\t\t\t\t\t\t<span itemprop='url'>http:\/\/www.gas-speleo.fr\/wp-content\/uploads\/2020\/12\/logo-gas-ffs.jpg<\/span>\n\t\t\t\t\t\t <\/span>\n\t\t\t\t<\/span><span class='av-structured-data'  itemprop=\"author\" itemscope=\"itemscope\" itemtype=\"https:\/\/schema.org\/Person\" ><span itemprop='name'>GAS<\/span><\/span><span class='av-structured-data'  itemprop=\"datePublished\" datetime=\"2020-12-17T10:32:37+01:00\" >2019-11-18 14:51:00<\/span><span class='av-structured-data'  itemprop=\"dateModified\" itemtype=\"https:\/\/schema.org\/dateModified\" >2020-12-17 14:58:18<\/span><span class='av-structured-data'  itemprop=\"mainEntityOfPage\" itemtype=\"https:\/\/schema.org\/mainEntityOfPage\" ><span itemprop='name'>Exercice secours r\u00e9gionnal \u00e0 Th\u00e9mines<\/span><\/span><\/span><\/article><\/div><div class='slide-entry-wrap'><article class='slide-entry flex_column  post-entry post-entry-530 slide-entry-overview slide-loop-37 slide-parity-odd  post-entry-last  av_one_third first real-thumbnail post-format-standard'  itemscope=\"itemscope\" itemtype=\"https:\/\/schema.org\/CreativeWork\" ><a href='https:\/\/www.gas-speleo.fr\/index.php\/2019\/03\/25\/plongee-en-gascogne\/' data-rel='slide-1' class='slide-image' title='Plong\u00e9e en gascogne'><img decoding=\"async\" width=\"495\" height=\"400\" src=\"https:\/\/www.gas-speleo.fr\/wp-content\/uploads\/2020\/12\/gas_plongee-495x400.png\" class=\"wp-image-531 avia-img-lazy-loading-not-531 attachment-portfolio size-portfolio wp-post-image\" alt=\"\" srcset=\"https:\/\/www.gas-speleo.fr\/wp-content\/uploads\/2020\/12\/gas_plongee-495x400.png 495w, https:\/\/www.gas-speleo.fr\/wp-content\/uploads\/2020\/12\/gas_plongee-845x684.png 845w\" sizes=\"(max-width: 495px) 100vw, 495px\" \/><\/a><div class='slide-content'><header class=\"entry-content-header\"><span class=\"blog-categories minor-meta\"><a href=\"https:\/\/www.gas-speleo.fr\/index.php\/category\/plongee-souterraine\/\" rel=\"tag\">Plong\u00e9e Souterraine<\/a>, <a href=\"https:\/\/www.gas-speleo.fr\/index.php\/category\/speleo\/\" rel=\"tag\">Sp\u00e9l\u00e9o<\/a> <\/span><h3 class='slide-entry-title entry-title '  itemprop=\"headline\" ><a href='https:\/\/www.gas-speleo.fr\/index.php\/2019\/03\/25\/plongee-en-gascogne\/' title='Plong\u00e9e en gascogne'>Plong\u00e9e en gascogne<\/a><\/h3><span class=\"av-vertical-delimiter\"><\/span><\/header><div class='slide-entry-excerpt entry-content'  itemprop=\"text\" >Deux siphons vierges explor\u00e9s dans le d\u00e9partement du gers.\nIl ,n'y a pas que les canards qui plongent chez nous ! \ud83d\ude42<\/div><\/div><footer class=\"entry-footer\"><div class='slide-meta'><time class='slide-meta-time updated'  itemprop=\"datePublished\" datetime=\"2019-03-25T12:38:00+01:00\" >25 mars 2019<\/time><\/div><\/footer><span class='hidden'>\n\t\t\t\t<span class='av-structured-data'  itemprop=\"image\" itemscope=\"itemscope\" itemtype=\"https:\/\/schema.org\/ImageObject\" >\n\t\t\t\t\t\t<span itemprop='url'>https:\/\/www.gas-speleo.fr\/wp-content\/uploads\/2020\/12\/gas_plongee.png<\/span>\n\t\t\t\t\t\t<span itemprop='height'>924<\/span>\n\t\t\t\t\t\t<span itemprop='width'>1397<\/span>\n\t\t\t\t<\/span>\n\t\t\t\t<span class='av-structured-data'  itemprop=\"publisher\" itemtype=\"https:\/\/schema.org\/Organization\" itemscope=\"itemscope\" >\n\t\t\t\t\t\t<span itemprop='name'>GAS<\/span>\n\t\t\t\t\t\t<span itemprop='logo' itemscope itemtype='https:\/\/schema.org\/ImageObject'>\n\t\t\t\t\t\t\t<span itemprop='url'>http:\/\/www.gas-speleo.fr\/wp-content\/uploads\/2020\/12\/logo-gas-ffs.jpg<\/span>\n\t\t\t\t\t\t <\/span>\n\t\t\t\t<\/span><span class='av-structured-data'  itemprop=\"author\" itemscope=\"itemscope\" itemtype=\"https:\/\/schema.org\/Person\" ><span itemprop='name'>GAS<\/span><\/span><span class='av-structured-data'  itemprop=\"datePublished\" datetime=\"2020-12-17T10:32:37+01:00\" >2019-03-25 12:38:00<\/span><span class='av-structured-data'  itemprop=\"dateModified\" itemtype=\"https:\/\/schema.org\/dateModified\" >2020-12-17 13:02:43<\/span><span class='av-structured-data'  itemprop=\"mainEntityOfPage\" itemtype=\"https:\/\/schema.org\/mainEntityOfPage\" ><span itemprop='name'>Plong\u00e9e en gascogne<\/span><\/span><\/span><\/article><\/div><\/div><div class='avia-slideshow-arrows avia-slideshow-controls'><a href='#prev' class='prev-slide' aria-hidden='true' data-av_icon='\ue87c' data-av_iconfont='entypo-fontello'>Pr\u00e9c\u00e9dent<\/a><a href='#next' class='next-slide' aria-hidden='true' data-av_icon='\ue87d' data-av_iconfont='entypo-fontello'>Suivant<\/a><\/div><\/div>\n<div  class='avia-button-wrap avia-button-center  avia-builder-el-4  el_after_av_postslider  avia-builder-el-last ' ><a href='https:\/\/www.gas-speleo.fr\/index.php\/blog\/'  class='avia-button  avia-color-theme-color   avia-icon_select-yes-left-icon avia-size-small avia-position-center '   ><span class='avia_button_icon avia_button_icon_left ' aria-hidden='true' data-av_icon='\ue81f' data-av_iconfont='entypo-fontello'><\/span><span class='avia_iconbox_title' >Suivez nos actus<\/span><\/a><\/div>\n<\/div><\/div><\/main><!-- close content main element --><\/div><\/div><div id='after_section_1'  class='main_color av_default_container_wrap container_wrap sidebar_right' style=' '  ><div class='container' ><div class='template-page content  av-content-small alpha units'><div class='post-entry post-entry-type-page post-entry-409'><div class='entry-content-wrapper clearfix'>\n","protected":false},"excerpt":{"rendered":"","protected":false},"author":1,"featured_media":0,"parent":0,"menu_order":0,"comment_status":"closed","ping_status":"closed","template":"","meta":{"footnotes":""},"_links":{"self":[{"href":"https:\/\/www.gas-speleo.fr\/index.php\/wp-json\/wp\/v2\/pages\/409"}],"collection":[{"href":"https:\/\/www.gas-speleo.fr\/index.php\/wp-json\/wp\/v2\/pages"}],"about":[{"href":"https:\/\/www.gas-speleo.fr\/index.php\/wp-json\/wp\/v2\/types\/page"}],"author":[{"embeddable":true,"href":"https:\/\/www.gas-speleo.fr\/index.php\/wp-json\/wp\/v2\/users\/1"}],"replies":[{"embeddable":true,"href":"https:\/\/www.gas-speleo.fr\/index.php\/wp-json\/wp\/v2\/comments?post=409"}],"version-history":[{"count":17,"href":"https:\/\/www.gas-speleo.fr\/index.php\/wp-json\/wp\/v2\/pages\/409\/revisions"}],"predecessor-version":[{"id":1128,"href":"https:\/\/www.gas-speleo.fr\/index.php\/wp-json\/wp\/v2\/pages\/409\/revisions\/1128"}],"wp:attachment":[{"href":"https:\/\/www.gas-speleo.fr\/index.php\/wp-json\/wp\/v2\/media?parent=409"}],"curies":[{"name":"wp","href":"https:\/\/api.w.org\/{rel}","templated":true}]}}